{"id":13138,"date":"2023-06-07T12:06:21","date_gmt":"2023-06-07T10:06:21","guid":{"rendered":"https:\/\/www.nvssf.com\/forbundet\/?page_id=13138"},"modified":"2023-06-07T12:12:41","modified_gmt":"2023-06-07T10:12:41","slug":"mrx-minnen-ifran-sm-1991","status":"publish","type":"page","link":"https:\/\/www.nvssf.com\/forbundet\/mrx-minnen-ifran-sm-1991\/","title":{"rendered":"Kurt Setterqvist minnen ifr\u00e5n SM 1991"},"content":{"rendered":"<div id=\"attachment_13144\" style=\"width: 310px\" class=\"wp-caption alignleft\"><a href=\"https:\/\/www.nvssf.com\/forbundet\/wp-content\/uploads\/2023\/06\/webbSetterqvistFotoPrivat.jpg\"><img loading=\"lazy\" decoding=\"async\" aria-describedby=\"caption-attachment-13144\" class=\"size-full wp-image-13144\" src=\"https:\/\/www.nvssf.com\/forbundet\/wp-content\/uploads\/2023\/06\/webbSetterqvistFotoPrivat.jpg\" alt=\"\" width=\"300\" height=\"300\" \/><\/a><p id=\"caption-attachment-13144\" class=\"wp-caption-text\">Kurt Setterqvist Foto: Privat<\/p><\/div>\n<p>I egenskap av f\u00f6re detta schackspelare fr\u00e5n andra \u00e4nden av landet, n\u00e4mligen Lule\u00e5, minns jag Schack-SM i Helsingborg 1991 mycket v\u00e4l. Min egen insats i t\u00e4vlingen var inte mycket att gl\u00e4djas \u00e5t utan jag hamnade i det slagna f\u00e4ltet i det som p\u00e5 den tiden kallades SM-gruppen. H\u00e4r \u00e4r det p\u00e5 sin plats att n\u00e4mna att segern delades mellan Stellan Brynell, Limhamns SK och Lars-\u00c5ke Schneider, SS Manhem, G\u00f6teborg. F\u00f6rst i slutet av \u00e5ret arrangerades ett s\u00e4rspel d\u00e4r Brynell triumferade.<\/p>\n<p>D\u00e5 jag \u00e4r historieintresserad gladde jag mig mycket \u00e5t att under vistelsen i Helsingborg f\u00e5 tillf\u00e4lle att bes\u00f6ka K\u00e4rnan. Det medeltida tornet \u00e4r sannerligen imponerande liksom utsikten fr\u00e5n detsamma. I \u00f6vrigt roade jag mig med m\u00e5nga l\u00e5nga promenader i det mycket varma sommarv\u00e4dret. En och annan glass slank ocks\u00e5 ner i magen utan minsta besv\u00e4r.<\/p>\n<p>Schack-SM var v\u00e4l arrangerat men en stor brist var lokalerna. Vi h\u00f6ll n\u00e4mligen till i en skola d\u00e4r luftkonditionering saknades, varf\u00f6r det under flera ronder blev olidligt varmt. Dessutom var klasserna utspridda i olika rum, vilket innebar sv\u00e5righeter att f\u00f6lja klubbkamraters partier d\u00e5 man s\u00e5 \u00f6nskade g\u00f6ra.<\/p>\n<p>Mitt starkaste minne fr\u00e5n t\u00e4vlingen var d\u00e5 jag spelade mot den sjufaldige Sverigem\u00e4staren Axel Ornstein. I mittspelet noterade jag att en sm\u00e4rt man stod och tittade p\u00e5 ett av demonstrationsbr\u00e4dena. F\u00f6rst\u00e5s \u00e4r inget ovanligt d\u00e4rmed, men ytterst f\u00e5 m\u00e4nniskor f\u00f6rm\u00e5r h\u00e5lla blicken f\u00e4st rakt fram\u00e5t i gott och v\u00e4l en kvart, samtidigt som f\u00f6tternas position f\u00f6rblir densamma!<\/p>\n<p>D\u00e5 jag gjort mitt drag klev jag \u00f6ver den avgr\u00e4nsning som fanns runt SM-gruppen och gick fram till mannen. Jag p\u00e5talade att jag noterat hur l\u00e4nge han med stor intensitet f\u00f6ljt ett parti och undrade var denna fenomenala koncentrationsf\u00f6rm\u00e5ga kom ifr\u00e5n? Mannen visade sig vara en av Helsingborgs stora, n\u00e4mligen den flerfaldige v\u00e4rldsm\u00e4staren i den lite ovanliga gren av biljard som kallas Trevallars Carambole, Torbj\u00f6rn Blomdahl. Han n\u00e4mnde att han mest uppskattade sporter och spel d\u00e4r koncentrationsmomentet \u00e4r av avg\u00f6rande betydelse och n\u00e4mnde, f\u00f6rutom biljard, \u00e4ven golf och schack.<\/p>\n<div id=\"attachment_13092\" style=\"width: 380px\" class=\"wp-caption aligncenter\"><a href=\"https:\/\/www.nvssf.com\/forbundet\/wp-content\/uploads\/2023\/05\/webbTblomdahl2013PhotoDieterHaase.jpg\"><img loading=\"lazy\" decoding=\"async\" aria-describedby=\"caption-attachment-13092\" class=\"size-full wp-image-13092\" src=\"https:\/\/www.nvssf.com\/forbundet\/wp-content\/uploads\/2023\/05\/webbTblomdahl2013PhotoDieterHaase.jpg\" alt=\"\" width=\"370\" height=\"465\" \/><\/a><p id=\"caption-attachment-13092\" class=\"wp-caption-text\">Foto: Dieter Haase. Torbj\u00f6rn Blomdahl 2013.<\/p><\/div>\n<p>Inte ens det faktum att jag \u00e4r f\u00f6dd samma \u00e5r och samma dag som Blomdahl gav mig emellertid n\u00e5gon lycka vid br\u00e4det utan jag tvingades till sist kapitulera efter att Ornstein avslutat kraftfullt.<br \/>\nM\u00e5nga \u00e5r har nu f\u00f6rflutit och jag t\u00e4vlingsspelar inte l\u00e4ngre. Emellertid f\u00f6ljer jag svenska schacknyheter varf\u00f6r det inte undg\u00e5tt mig att Helsingborg ska st\u00e5 som arrang\u00f6r f\u00f6r Schack-SM 2023. F\u00f6rst\u00e5s kommer jag att med sp\u00e4nning f\u00f6lja uts\u00e4ndningarna d\u00e4rifr\u00e5n samt ta del av resultaten.<\/p>\n<p>Kurt Setterqvist<\/p>\n<div id=\"attachment_13140\" style=\"width: 509px\" class=\"wp-caption aligncenter\"><a href=\"https:\/\/www.nvssf.com\/forbundet\/wp-content\/uploads\/2023\/06\/SMgruppen1991.jpg\"><img loading=\"lazy\" decoding=\"async\" aria-describedby=\"caption-attachment-13140\" class=\"size-full wp-image-13140\" src=\"https:\/\/www.nvssf.com\/forbundet\/wp-content\/uploads\/2023\/06\/SMgruppen1991.jpg\" alt=\"\" width=\"499\" height=\"392\" \/><\/a><p id=\"caption-attachment-13140\" class=\"wp-caption-text\">SM-gruppen 1991 Foto: Omslags bilden Tidskrift f\u00f6r Schack nr 6 1991.<\/p><\/div>\n","protected":false},"excerpt":{"rendered":"<p>I egenskap av f\u00f6re detta schackspelare fr\u00e5n andra \u00e4nden av landet, n\u00e4mligen Lule\u00e5, minns jag Schack-SM i Helsingborg 1991 mycket v\u00e4l. Min egen insats i t\u00e4vlingen var inte mycket att gl\u00e4djas \u00e5t utan jag hamnade i det slagna f\u00e4ltet i &hellip; <a href=\"https:\/\/www.nvssf.com\/forbundet\/mrx-minnen-ifran-sm-1991\/\">Forts\u00e4tt l\u00e4sa <span class=\"meta-nav\">&rarr;<\/span><\/a><\/p>\n","protected":false},"author":2,"featured_media":0,"parent":0,"menu_order":0,"comment_status":"closed","ping_status":"closed","template":"","meta":{"_acf_changed":false,"footnotes":""},"acf":[],"_links":{"self":[{"href":"https:\/\/www.nvssf.com\/forbundet\/wp-json\/wp\/v2\/pages\/13138"}],"collection":[{"href":"https:\/\/www.nvssf.com\/forbundet\/wp-json\/wp\/v2\/pages"}],"about":[{"href":"https:\/\/www.nvssf.com\/forbundet\/wp-json\/wp\/v2\/types\/page"}],"author":[{"embeddable":true,"href":"https:\/\/www.nvssf.com\/forbundet\/wp-json\/wp\/v2\/users\/2"}],"replies":[{"embeddable":true,"href":"https:\/\/www.nvssf.com\/forbundet\/wp-json\/wp\/v2\/comments?post=13138"}],"version-history":[{"count":5,"href":"https:\/\/www.nvssf.com\/forbundet\/wp-json\/wp\/v2\/pages\/13138\/revisions"}],"predecessor-version":[{"id":13145,"href":"https:\/\/www.nvssf.com\/forbundet\/wp-json\/wp\/v2\/pages\/13138\/revisions\/13145"}],"wp:attachment":[{"href":"https:\/\/www.nvssf.com\/forbundet\/wp-json\/wp\/v2\/media?parent=13138"}],"curies":[{"name":"wp","href":"https:\/\/api.w.org\/{rel}","templated":true}]}}