{"id":186,"date":"2014-04-03T12:26:31","date_gmt":"2014-04-03T10:26:31","guid":{"rendered":"http:\/\/www.nvssf.com\/forbundet\/?page_id=186"},"modified":"2023-01-06T16:43:16","modified_gmt":"2023-01-06T15:43:16","slug":"partifil-download","status":"publish","type":"page","link":"https:\/\/www.nvssf.com\/forbundet\/partier\/partifil-download\/","title":{"rendered":"Partifiler &#8211; Klicka p\u00e5 ikonen f\u00f6r att ladda ner filen"},"content":{"rendered":"<h2>2023<\/h2>\n<style type='text\/css'>\r\n\t#mla_gallery-1 {\r\n\t\tmargin: auto;\r\n\t\twidth: 100%;\r\n\t}\r\n\t#mla_gallery-1 .gallery-item {\r\n\t\tfloat: none;\r\n\t\tmargin: 1.5%;\r\n\t\tdisplay: inline-block;\r\n\t\ttext-align: center;\r\n\t\twidth: 30.3%;\r\n\t}\r\n\t#mla_gallery-1 .gallery-item .gallery-icon img {\r\n\t\tborder: 2px solid #cfcfcf;\r\n\t}\r\n\t#mla_gallery-1 .gallery-caption {\r\n\t\tmargin-left: 0;\r\n\t\tvertical-align: top;\r\n\t}\r\n<\/style>\r\n<div id='mla_gallery-1' class='gallery galleryid-186 gallery-columns-3 gallery-size-icon'>\r\n<!-- row-open -->\r\n<dl class='gallery-item '>\r\n\t<dt class='gallery-icon '>\r\n\t\t<a href='https:\/\/www.nvssf.com\/forbundet\/wp-content\/uploads\/2023\/12\/Malmoopen2023.pgn'><img loading=\"lazy\" decoding=\"async\" aria-describedby=\"mla_gallery-1-13864\" width=\"64\" height=\"64\" src=\"https:\/\/www.nvssf.com\/forbundet\/wp-content\/plugins\/media-library-assistant\/images\/crystal\/default.png\" class=\"attachment-64x64 size-64x64\" alt=\"\" \/><\/a>\r\n\t<\/dt>\r\n\t<dd class='wp-caption-text gallery-caption' id='mla_gallery-1-13864'>\n\tMalm\u00f6 Open, 80 partier\n\t<\/dd><\/dl><dl class='gallery-item '>\r\n\t<dt class='gallery-icon '>\r\n\t\t<a href='https:\/\/www.nvssf.com\/forbundet\/wp-content\/uploads\/2023\/11\/juniorallsvenskan2023.pgn'><img loading=\"lazy\" decoding=\"async\" aria-describedby=\"mla_gallery-1-13806\" width=\"64\" height=\"64\" src=\"https:\/\/www.nvssf.com\/forbundet\/wp-content\/plugins\/media-library-assistant\/images\/crystal\/default.png\" class=\"attachment-64x64 size-64x64\" alt=\"\" \/><\/a>\r\n\t<\/dt>\r\n\t<dd class='wp-caption-text gallery-caption' id='mla_gallery-1-13806'>\n\tJuniorallsvenskan 2023\n\t<\/dd><\/dl><dl class='gallery-item last_in_row'>\r\n\t<dt class='gallery-icon '>\r\n\t\t<a href='https:\/\/www.nvssf.com\/forbundet\/wp-content\/uploads\/2023\/10\/Kadettallsvenskan-2023.pgn'><img loading=\"lazy\" decoding=\"async\" aria-describedby=\"mla_gallery-1-13571\" width=\"64\" height=\"64\" src=\"https:\/\/www.nvssf.com\/forbundet\/wp-content\/plugins\/media-library-assistant\/images\/crystal\/default.png\" class=\"attachment-64x64 size-64x64\" alt=\"\" \/><\/a>\r\n\t<\/dt>\r\n\t<dd class='wp-caption-text gallery-caption' id='mla_gallery-1-13571'>\n\tKadettallsvenskans final\n\t<\/dd><\/dl><br style=\"clear: both\" \/>\r\n<!-- row-open -->\r\n<dl class='gallery-item '>\r\n\t<dt class='gallery-icon '>\r\n\t\t<a href='https:\/\/www.nvssf.com\/forbundet\/wp-content\/uploads\/2023\/02\/EliteHotelsOpen2023.pgn'><img loading=\"lazy\" decoding=\"async\" aria-describedby=\"mla_gallery-1-12673\" width=\"64\" height=\"64\" src=\"https:\/\/www.nvssf.com\/forbundet\/wp-content\/plugins\/media-library-assistant\/images\/crystal\/default.png\" class=\"attachment-64x64 size-64x64\" alt=\"\" \/><\/a>\r\n\t<\/dt>\r\n\t<dd class='wp-caption-text gallery-caption' id='mla_gallery-1-12673'>\n\tElite Hotels Open 2023\n\t<\/dd><\/dl><dl class='gallery-item '>\r\n\t<dt class='gallery-icon '>\r\n\t\t<a href='https:\/\/www.nvssf.com\/forbundet\/wp-content\/uploads\/2023\/01\/ElitserienSammandragLimhamn2023r4_r6.pgn'><img loading=\"lazy\" decoding=\"async\" aria-describedby=\"mla_gallery-1-12583\" width=\"64\" height=\"64\" src=\"https:\/\/www.nvssf.com\/forbundet\/wp-content\/plugins\/media-library-assistant\/images\/crystal\/default.png\" class=\"attachment-64x64 size-64x64\" alt=\"\" \/><\/a>\r\n\t<\/dt>\r\n\t<dd class='wp-caption-text gallery-caption' id='mla_gallery-1-12583'>\n\tElitseriens minisammandrag i Limhamn rond 4-6\n\t<\/dd><\/dl><dl class='gallery-item last_in_row'>\r\n\t<dt class='gallery-icon '>\r\n\t\t<a href='https:\/\/www.nvssf.com\/forbundet\/wp-content\/uploads\/2023\/01\/blixtsm2022.pgn'><img loading=\"lazy\" decoding=\"async\" aria-describedby=\"mla_gallery-1-12459\" width=\"64\" height=\"64\" src=\"https:\/\/www.nvssf.com\/forbundet\/wp-content\/plugins\/media-library-assistant\/images\/crystal\/default.png\" class=\"attachment-64x64 size-64x64\" alt=\"\" \/><\/a>\r\n\t<\/dt>\r\n\t<dd class='wp-caption-text gallery-caption' id='mla_gallery-1-12459'>\n\tBlixt-SM 2022\n\t<\/dd><\/dl><br style=\"clear: both\" \/>\r\n<\/div>\r\n\n<h2>2022<\/h2>\n<style type='text\/css'>\r\n\t#mla_gallery-2 {\r\n\t\tmargin: auto;\r\n\t\twidth: 100%;\r\n\t}\r\n\t#mla_gallery-2 .gallery-item {\r\n\t\tfloat: none;\r\n\t\tmargin: 1.5%;\r\n\t\tdisplay: inline-block;\r\n\t\ttext-align: center;\r\n\t\twidth: 30.3%;\r\n\t}\r\n\t#mla_gallery-2 .gallery-item .gallery-icon img {\r\n\t\tborder: 2px solid #cfcfcf;\r\n\t}\r\n\t#mla_gallery-2 .gallery-caption {\r\n\t\tmargin-left: 0;\r\n\t\tvertical-align: top;\r\n\t}\r\n<\/style>\r\n<div id='mla_gallery-2' class='gallery galleryid-186 gallery-columns-3 gallery-size-icon'>\r\n<!-- row-open -->\r\n<dl class='gallery-item '>\r\n\t<dt class='gallery-icon '>\r\n\t\t<a href='https:\/\/www.nvssf.com\/forbundet\/wp-content\/uploads\/2022\/12\/malmoopen2022.pgn'><img loading=\"lazy\" decoding=\"async\" aria-describedby=\"mla_gallery-2-12352\" width=\"64\" height=\"64\" src=\"https:\/\/www.nvssf.com\/forbundet\/wp-content\/plugins\/media-library-assistant\/images\/crystal\/default.png\" class=\"attachment-64x64 size-64x64\" alt=\"\" \/><\/a>\r\n\t<\/dt>\r\n\t<dd class='wp-caption-text gallery-caption' id='mla_gallery-2-12352'>\n\tMalm\u00f6 Open\n\t<\/dd><\/dl><dl class='gallery-item '>\r\n\t<dt class='gallery-icon '>\r\n\t\t<a href='https:\/\/www.nvssf.com\/forbundet\/wp-content\/uploads\/2022\/11\/NordkalottensHurtigTurnering2022.pgn'><img loading=\"lazy\" decoding=\"async\" aria-describedby=\"mla_gallery-2-12256\" width=\"64\" height=\"64\" src=\"https:\/\/www.nvssf.com\/forbundet\/wp-content\/plugins\/media-library-assistant\/images\/crystal\/default.png\" class=\"attachment-64x64 size-64x64\" alt=\"\" \/><\/a>\r\n\t<\/dt>\r\n\t<dd class='wp-caption-text gallery-caption' id='mla_gallery-2-12256'>\n\tNordkalottens Snabbschacksturnering 2022\n\t<\/dd><\/dl><dl class='gallery-item last_in_row'>\r\n\t<dt class='gallery-icon '>\r\n\t\t<a href='https:\/\/www.nvssf.com\/forbundet\/wp-content\/uploads\/2022\/10\/vastgotaopen2022.pgn'><img loading=\"lazy\" decoding=\"async\" aria-describedby=\"mla_gallery-2-12235\" width=\"64\" height=\"64\" src=\"https:\/\/www.nvssf.com\/forbundet\/wp-content\/plugins\/media-library-assistant\/images\/crystal\/default.png\" class=\"attachment-64x64 size-64x64\" alt=\"\" \/><\/a>\r\n\t<\/dt>\r\n\t<dd class='wp-caption-text gallery-caption' id='mla_gallery-2-12235'>\n\tV\u00e4stg\u00f6ta Open 2022\n\t<\/dd><\/dl><br style=\"clear: both\" \/>\r\n<!-- row-open -->\r\n<dl class='gallery-item '>\r\n\t<dt class='gallery-icon '>\r\n\t\t<a href='https:\/\/www.nvssf.com\/forbundet\/wp-content\/uploads\/2022\/10\/ElitserienSammandragHBG2022.pgn'><img loading=\"lazy\" decoding=\"async\" aria-describedby=\"mla_gallery-2-12182\" width=\"64\" height=\"64\" src=\"https:\/\/www.nvssf.com\/forbundet\/wp-content\/plugins\/media-library-assistant\/images\/crystal\/default.png\" class=\"attachment-64x64 size-64x64\" alt=\"\" \/><\/a>\r\n\t<\/dt>\r\n\t<dd class='wp-caption-text gallery-caption' id='mla_gallery-2-12182'>\n\tElitserien rond 1-3 i HBG, 14-16 oktober\n\t<\/dd><\/dl><dl class='gallery-item '>\r\n\t<dt class='gallery-icon '>\r\n\t\t<a href='https:\/\/www.nvssf.com\/forbundet\/wp-content\/uploads\/2022\/10\/skolsm2022.pgn'><img loading=\"lazy\" decoding=\"async\" aria-describedby=\"mla_gallery-2-12148\" width=\"64\" height=\"64\" src=\"https:\/\/www.nvssf.com\/forbundet\/wp-content\/plugins\/media-library-assistant\/images\/crystal\/default.png\" class=\"attachment-64x64 size-64x64\" alt=\"\" \/><\/a>\r\n\t<\/dt>\r\n\t<dd class='wp-caption-text gallery-caption' id='mla_gallery-2-12148'>\n\tSkol-SM 2022\n\t<\/dd><\/dl><dl class='gallery-item last_in_row'>\r\n\t<dt class='gallery-icon '>\r\n\t\t<a href='https:\/\/www.nvssf.com\/forbundet\/wp-content\/uploads\/2022\/08\/nordicyouth2022.pgn'><img loading=\"lazy\" decoding=\"async\" aria-describedby=\"mla_gallery-2-11966\" width=\"64\" height=\"64\" src=\"https:\/\/www.nvssf.com\/forbundet\/wp-content\/plugins\/media-library-assistant\/images\/crystal\/default.png\" class=\"attachment-64x64 size-64x64\" alt=\"\" \/><\/a>\r\n\t<\/dt>\r\n\t<dd class='wp-caption-text gallery-caption' id='mla_gallery-2-11966'>\n\tSkol-NM 2022, Helsingborg\n\t<\/dd><\/dl><br style=\"clear: both\" \/>\r\n<!-- row-open -->\r\n<dl class='gallery-item '>\r\n\t<dt class='gallery-icon '>\r\n\t\t<a href='https:\/\/www.nvssf.com\/forbundet\/wp-content\/uploads\/2022\/08\/lask_schackstudion2022.pgn'><img loading=\"lazy\" decoding=\"async\" aria-describedby=\"mla_gallery-2-11884\" width=\"64\" height=\"64\" src=\"https:\/\/www.nvssf.com\/forbundet\/wp-content\/plugins\/media-library-assistant\/images\/crystal\/default.png\" class=\"attachment-64x64 size-64x64\" alt=\"\" \/><\/a>\r\n\t<\/dt>\r\n\t<dd class='wp-caption-text gallery-caption' id='mla_gallery-2-11884'>\n\tSchackstudion LASK IM 2022\n\t<\/dd><\/dl><br style=\"clear: both\" \/>\r\n<\/div>\r\n\n<h2>2021<\/h2>\n<style type='text\/css'>\r\n\t#mla_gallery-3 {\r\n\t\tmargin: auto;\r\n\t\twidth: 100%;\r\n\t}\r\n\t#mla_gallery-3 .gallery-item {\r\n\t\tfloat: none;\r\n\t\tmargin: 1.5%;\r\n\t\tdisplay: inline-block;\r\n\t\ttext-align: center;\r\n\t\twidth: 30.3%;\r\n\t}\r\n\t#mla_gallery-3 .gallery-item .gallery-icon img {\r\n\t\tborder: 2px solid #cfcfcf;\r\n\t}\r\n\t#mla_gallery-3 .gallery-caption {\r\n\t\tmargin-left: 0;\r\n\t\tvertical-align: top;\r\n\t}\r\n<\/style>\r\n<div id='mla_gallery-3' class='gallery galleryid-186 gallery-columns-3 gallery-size-icon'>\r\n<!-- row-open -->\r\n<dl class='gallery-item '>\r\n\t<dt class='gallery-icon '>\r\n\t\t<a href='https:\/\/www.nvssf.com\/forbundet\/wp-content\/uploads\/2021\/12\/malmoopen2021.pgn'><img loading=\"lazy\" decoding=\"async\" aria-describedby=\"mla_gallery-3-10768\" width=\"64\" height=\"64\" src=\"https:\/\/www.nvssf.com\/forbundet\/wp-content\/plugins\/media-library-assistant\/images\/crystal\/default.png\" class=\"attachment-64x64 size-64x64\" alt=\"\" \/><\/a>\r\n\t<\/dt>\r\n\t<dd class='wp-caption-text gallery-caption' id='mla_gallery-3-10768'>\n\tMalm\u00f6 Open 2021\n\t<\/dd><\/dl><dl class='gallery-item '>\r\n\t<dt class='gallery-icon '>\r\n\t\t<a href='https:\/\/www.nvssf.com\/forbundet\/wp-content\/uploads\/2021\/12\/superettanHASK2021_r1_r2.pgn'><img loading=\"lazy\" decoding=\"async\" aria-describedby=\"mla_gallery-3-10730\" width=\"64\" height=\"64\" src=\"https:\/\/www.nvssf.com\/forbundet\/wp-content\/plugins\/media-library-assistant\/images\/crystal\/default.png\" class=\"attachment-64x64 size-64x64\" alt=\"\" \/><\/a>\r\n\t<\/dt>\r\n\t<dd class='wp-caption-text gallery-caption' id='mla_gallery-3-10730'>\n\tHelsingborgs ASK superettan 2021 rond 1-2\n\t<\/dd><\/dl><dl class='gallery-item last_in_row'>\r\n\t<dt class='gallery-icon '>\r\n\t\t<a href='https:\/\/www.nvssf.com\/forbundet\/wp-content\/uploads\/2021\/11\/BlixtSM2021.pgn'><img loading=\"lazy\" decoding=\"async\" aria-describedby=\"mla_gallery-3-10696\" width=\"64\" height=\"64\" src=\"https:\/\/www.nvssf.com\/forbundet\/wp-content\/plugins\/media-library-assistant\/images\/crystal\/default.png\" class=\"attachment-64x64 size-64x64\" alt=\"\" \/><\/a>\r\n\t<\/dt>\r\n\t<dd class='wp-caption-text gallery-caption' id='mla_gallery-3-10696'>\n\tBlixt-SM 2021\n\t<\/dd><\/dl><br style=\"clear: both\" \/>\r\n<!-- row-open -->\r\n<dl class='gallery-item '>\r\n\t<dt class='gallery-icon '>\r\n\t\t<a href='https:\/\/www.nvssf.com\/forbundet\/wp-content\/uploads\/2021\/10\/skolsm2021.pgn'><img loading=\"lazy\" decoding=\"async\" aria-describedby=\"mla_gallery-3-10508\" width=\"64\" height=\"64\" src=\"https:\/\/www.nvssf.com\/forbundet\/wp-content\/plugins\/media-library-assistant\/images\/crystal\/default.png\" class=\"attachment-64x64 size-64x64\" alt=\"\" \/><\/a>\r\n\t<\/dt>\r\n\t<dd class='wp-caption-text gallery-caption' id='mla_gallery-3-10508'>\n\tSkol-SM 2021, Helsingborg\n\t<\/dd><\/dl><dl class='gallery-item '>\r\n\t<dt class='gallery-icon '>\r\n\t\t<a href='https:\/\/www.nvssf.com\/forbundet\/wp-content\/uploads\/2021\/10\/lagsmKval2021gr4.pgn'><img loading=\"lazy\" decoding=\"async\" aria-describedby=\"mla_gallery-3-10493\" width=\"64\" height=\"64\" src=\"https:\/\/www.nvssf.com\/forbundet\/wp-content\/plugins\/media-library-assistant\/images\/crystal\/default.png\" class=\"attachment-64x64 size-64x64\" alt=\"\" \/><\/a>\r\n\t<\/dt>\r\n\t<dd class='wp-caption-text gallery-caption' id='mla_gallery-3-10493'>\n\tKval till Lag-SM 2021 gr 4, Lund\n\t<\/dd><\/dl><br style=\"clear: both\" \/>\r\n<\/div>\r\n\n<h2>2020<\/h2>\n<style type='text\/css'>\r\n\t#mla_gallery-4 {\r\n\t\tmargin: auto;\r\n\t\twidth: 100%;\r\n\t}\r\n\t#mla_gallery-4 .gallery-item {\r\n\t\tfloat: none;\r\n\t\tmargin: 1.5%;\r\n\t\tdisplay: inline-block;\r\n\t\ttext-align: center;\r\n\t\twidth: 30.3%;\r\n\t}\r\n\t#mla_gallery-4 .gallery-item .gallery-icon img {\r\n\t\tborder: 2px solid #cfcfcf;\r\n\t}\r\n\t#mla_gallery-4 .gallery-caption {\r\n\t\tmargin-left: 0;\r\n\t\tvertical-align: top;\r\n\t}\r\n<\/style>\r\n<div id='mla_gallery-4' class='gallery galleryid-186 gallery-columns-3 gallery-size-icon'>\r\n<!-- row-open -->\r\n<dl class='gallery-item '>\r\n\t<dt class='gallery-icon '>\r\n\t\t<a href='https:\/\/www.nvssf.com\/forbundet\/wp-content\/uploads\/2020\/10\/elitserien2020_r7_r9.pgn'><img loading=\"lazy\" decoding=\"async\" aria-describedby=\"mla_gallery-4-9386\" width=\"64\" height=\"64\" src=\"https:\/\/www.nvssf.com\/forbundet\/wp-content\/plugins\/media-library-assistant\/images\/crystal\/default.png\" class=\"attachment-64x64 size-64x64\" alt=\"\" \/><\/a>\r\n\t<\/dt>\r\n\t<dd class='wp-caption-text gallery-caption' id='mla_gallery-4-9386'>\n\tElitserien rond 7-9. Sammandrag i V\u00e4xj\u00f6.\n\t<\/dd><\/dl><dl class='gallery-item '>\r\n\t<dt class='gallery-icon '>\r\n\t\t<a href='https:\/\/www.nvssf.com\/forbundet\/wp-content\/uploads\/2020\/09\/kvalSuperettan2020hask.pgn'><img loading=\"lazy\" decoding=\"async\" aria-describedby=\"mla_gallery-4-9172\" width=\"64\" height=\"64\" src=\"https:\/\/www.nvssf.com\/forbundet\/wp-content\/plugins\/media-library-assistant\/images\/crystal\/default.png\" class=\"attachment-64x64 size-64x64\" alt=\"\" \/><\/a>\r\n\t<\/dt>\r\n\t<dd class='wp-caption-text gallery-caption' id='mla_gallery-4-9172'>\n\tKvalet till Superettan Helsingborgs ASK &#8211; Stockholms SS II\n\t<\/dd><\/dl><dl class='gallery-item last_in_row'>\r\n\t<dt class='gallery-icon '>\r\n\t\t<a href='https:\/\/www.nvssf.com\/forbundet\/wp-content\/uploads\/2020\/09\/swedishrapidteambattleS3_v2.pgn'><img loading=\"lazy\" decoding=\"async\" aria-describedby=\"mla_gallery-4-9150\" width=\"64\" height=\"64\" src=\"https:\/\/www.nvssf.com\/forbundet\/wp-content\/plugins\/media-library-assistant\/images\/crystal\/default.png\" class=\"attachment-64x64 size-64x64\" alt=\"\" \/><\/a>\r\n\t<\/dt>\r\n\t<dd class='wp-caption-text gallery-caption' id='mla_gallery-4-9150'>\n\tSwedish Rapid Team Battle Div 2,s\u00e4song 3\n\t<\/dd><\/dl><br style=\"clear: both\" \/>\r\n<!-- row-open -->\r\n<dl class='gallery-item '>\r\n\t<dt class='gallery-icon '>\r\n\t\t<a href='https:\/\/www.nvssf.com\/forbundet\/wp-content\/uploads\/2020\/07\/kogeLangSommer2020.pgn'><img loading=\"lazy\" decoding=\"async\" aria-describedby=\"mla_gallery-4-9093\" width=\"64\" height=\"64\" src=\"https:\/\/www.nvssf.com\/forbundet\/wp-content\/plugins\/media-library-assistant\/images\/crystal\/default.png\" class=\"attachment-64x64 size-64x64\" alt=\"\" \/><\/a>\r\n\t<\/dt>\r\n\t<dd class='wp-caption-text gallery-caption' id='mla_gallery-4-9093'>\n\tK\u00c3\u00b8ge Lang-sommer weekend 2020\n\t<\/dd><\/dl><dl class='gallery-item '>\r\n\t<dt class='gallery-icon '>\r\n\t\t<a href='https:\/\/www.nvssf.com\/forbundet\/wp-content\/uploads\/2020\/07\/sctbRapidDiv2_3_S2_2020_v4.pgn'><img loading=\"lazy\" decoding=\"async\" aria-describedby=\"mla_gallery-4-9060\" width=\"64\" height=\"64\" src=\"https:\/\/www.nvssf.com\/forbundet\/wp-content\/plugins\/media-library-assistant\/images\/crystal\/default.png\" class=\"attachment-64x64 size-64x64\" alt=\"\" \/><\/a>\r\n\t<\/dt>\r\n\t<dd class='wp-caption-text gallery-caption' id='mla_gallery-4-9060'>\n\tSwedish Team Battle Rapid Div 2 &#038; 3 S\u00e4song 2\n\t<\/dd><\/dl><dl class='gallery-item last_in_row'>\r\n\t<dt class='gallery-icon '>\r\n\t\t<a href='https:\/\/www.nvssf.com\/forbundet\/wp-content\/uploads\/2020\/07\/sctbDiv3S2_2020_v5.pgn'><img loading=\"lazy\" decoding=\"async\" aria-describedby=\"mla_gallery-4-9041\" width=\"64\" height=\"64\" src=\"https:\/\/www.nvssf.com\/forbundet\/wp-content\/plugins\/media-library-assistant\/images\/crystal\/default.png\" class=\"attachment-64x64 size-64x64\" alt=\"\" \/><\/a>\r\n\t<\/dt>\r\n\t<dd class='wp-caption-text gallery-caption' id='mla_gallery-4-9041'>\n\tSwedish Team Battle Div 3 S\u00e4song 2\n\t<\/dd><\/dl><br style=\"clear: both\" \/>\r\n<!-- row-open -->\r\n<dl class='gallery-item '>\r\n\t<dt class='gallery-icon '>\r\n\t\t<a href='https:\/\/www.nvssf.com\/forbundet\/wp-content\/uploads\/2020\/06\/sctbRapidDiv2S1_2020_v4.pgn'><img loading=\"lazy\" decoding=\"async\" aria-describedby=\"mla_gallery-4-8970\" width=\"64\" height=\"64\" src=\"https:\/\/www.nvssf.com\/forbundet\/wp-content\/plugins\/media-library-assistant\/images\/crystal\/default.png\" class=\"attachment-64x64 size-64x64\" alt=\"\" \/><\/a>\r\n\t<\/dt>\r\n\t<dd class='wp-caption-text gallery-caption' id='mla_gallery-4-8970'>\n\tSwedish Team Battle Rapid Div 2 S\u00e4song 1\n\t<\/dd><\/dl><dl class='gallery-item '>\r\n\t<dt class='gallery-icon '>\r\n\t\t<a href='https:\/\/www.nvssf.com\/forbundet\/wp-content\/uploads\/2020\/06\/sctbDiv3S1_2020_v2.pgn'><img loading=\"lazy\" decoding=\"async\" aria-describedby=\"mla_gallery-4-8884\" width=\"64\" height=\"64\" src=\"https:\/\/www.nvssf.com\/forbundet\/wp-content\/plugins\/media-library-assistant\/images\/crystal\/default.png\" class=\"attachment-64x64 size-64x64\" alt=\"\" \/><\/a>\r\n\t<\/dt>\r\n\t<dd class='wp-caption-text gallery-caption' id='mla_gallery-4-8884'>\n\tSwedish Team Battle Div 3 S\u00e4song 1\n\t<\/dd><\/dl><dl class='gallery-item last_in_row'>\r\n\t<dt class='gallery-icon '>\r\n\t\t<a href='https:\/\/www.nvssf.com\/forbundet\/wp-content\/uploads\/2020\/02\/sportlovsschack2020.pgn'><img loading=\"lazy\" decoding=\"async\" aria-describedby=\"mla_gallery-4-8409\" width=\"64\" height=\"64\" src=\"https:\/\/www.nvssf.com\/forbundet\/wp-content\/plugins\/media-library-assistant\/images\/crystal\/default.png\" class=\"attachment-64x64 size-64x64\" alt=\"\" \/><\/a>\r\n\t<\/dt>\r\n\t<dd class='wp-caption-text gallery-caption' id='mla_gallery-4-8409'>\n\tHelsingborgs ASK sportlovsschack 2020\n\t<\/dd><\/dl><br style=\"clear: both\" \/>\r\n<!-- row-open -->\r\n<dl class='gallery-item '>\r\n\t<dt class='gallery-icon '>\r\n\t\t<a href='https:\/\/www.nvssf.com\/forbundet\/wp-content\/uploads\/2020\/02\/elite2020.pgn'><img loading=\"lazy\" decoding=\"async\" aria-describedby=\"mla_gallery-4-8371\" width=\"64\" height=\"64\" src=\"https:\/\/www.nvssf.com\/forbundet\/wp-content\/plugins\/media-library-assistant\/images\/crystal\/default.png\" class=\"attachment-64x64 size-64x64\" alt=\"\" \/><\/a>\r\n\t<\/dt>\r\n\t<dd class='wp-caption-text gallery-caption' id='mla_gallery-4-8371'>\n\tElite Hotels Open\n\t<\/dd><\/dl><dl class='gallery-item '>\r\n\t<dt class='gallery-icon '>\r\n\t\t<a href='https:\/\/www.nvssf.com\/forbundet\/wp-content\/uploads\/2020\/02\/lillaelite2020.pgn'><img loading=\"lazy\" decoding=\"async\" aria-describedby=\"mla_gallery-4-8370\" width=\"64\" height=\"64\" src=\"https:\/\/www.nvssf.com\/forbundet\/wp-content\/plugins\/media-library-assistant\/images\/crystal\/default.png\" class=\"attachment-64x64 size-64x64\" alt=\"\" \/><\/a>\r\n\t<\/dt>\r\n\t<dd class='wp-caption-text gallery-caption' id='mla_gallery-4-8370'>\n\tLilla Elite Hotels Open\n\t<\/dd><\/dl><br style=\"clear: both\" \/>\r\n<\/div>\r\n\n<h2>2019<\/h2>\n<style type='text\/css'>\r\n\t#mla_gallery-5 {\r\n\t\tmargin: auto;\r\n\t\twidth: 100%;\r\n\t}\r\n\t#mla_gallery-5 .gallery-item {\r\n\t\tfloat: none;\r\n\t\tmargin: 1.5%;\r\n\t\tdisplay: inline-block;\r\n\t\ttext-align: center;\r\n\t\twidth: 30.3%;\r\n\t}\r\n\t#mla_gallery-5 .gallery-item .gallery-icon img {\r\n\t\tborder: 2px solid #cfcfcf;\r\n\t}\r\n\t#mla_gallery-5 .gallery-caption {\r\n\t\tmargin-left: 0;\r\n\t\tvertical-align: top;\r\n\t}\r\n<\/style>\r\n<div id='mla_gallery-5' class='gallery galleryid-186 gallery-columns-3 gallery-size-icon'>\r\n<!-- row-open -->\r\n<dl class='gallery-item '>\r\n\t<dt class='gallery-icon '>\r\n\t\t<a href='https:\/\/www.nvssf.com\/forbundet\/wp-content\/uploads\/2019\/12\/obronewyear2019.pgn'><img loading=\"lazy\" decoding=\"async\" aria-describedby=\"mla_gallery-5-8226\" width=\"64\" height=\"64\" src=\"https:\/\/www.nvssf.com\/forbundet\/wp-content\/plugins\/media-library-assistant\/images\/crystal\/default.png\" class=\"attachment-64x64 size-64x64\" alt=\"\" \/><\/a>\r\n\t<\/dt>\r\n\t<dd class='wp-caption-text gallery-caption' id='mla_gallery-5-8226'>\n\t\u00c3\u02dcbro Nyt\u00e5rs turnering\n\t<\/dd><\/dl><dl class='gallery-item '>\r\n\t<dt class='gallery-icon '>\r\n\t\t<a href='https:\/\/www.nvssf.com\/forbundet\/wp-content\/uploads\/2019\/12\/DkingBestOf2019.pgn'><img loading=\"lazy\" decoding=\"async\" aria-describedby=\"mla_gallery-5-8200\" width=\"64\" height=\"64\" src=\"https:\/\/www.nvssf.com\/forbundet\/wp-content\/plugins\/media-library-assistant\/images\/crystal\/default.png\" class=\"attachment-64x64 size-64x64\" alt=\"\" \/><\/a>\r\n\t<\/dt>\r\n\t<dd class='wp-caption-text gallery-caption' id='mla_gallery-5-8200'>\n\tB\u00e4sta 10 partierna 2019 enligt Daniel King\n\t<\/dd><\/dl><dl class='gallery-item last_in_row'>\r\n\t<dt class='gallery-icon '>\r\n\t\t<a href='https:\/\/www.nvssf.com\/forbundet\/wp-content\/uploads\/2019\/12\/malmo_msfopen2019.pgn'><img loading=\"lazy\" decoding=\"async\" aria-describedby=\"mla_gallery-5-8150\" width=\"64\" height=\"64\" src=\"https:\/\/www.nvssf.com\/forbundet\/wp-content\/plugins\/media-library-assistant\/images\/crystal\/default.png\" class=\"attachment-64x64 size-64x64\" alt=\"\" \/><\/a>\r\n\t<\/dt>\r\n\t<dd class='wp-caption-text gallery-caption' id='mla_gallery-5-8150'>\n\tMalm\u00f6\/MSF Open\n\t<\/dd><\/dl><br style=\"clear: both\" \/>\r\n<!-- row-open -->\r\n<dl class='gallery-item '>\r\n\t<dt class='gallery-icon '>\r\n\t\t<a href='https:\/\/www.nvssf.com\/forbundet\/wp-content\/uploads\/2019\/12\/turningtorsochess2019.pgn'><img loading=\"lazy\" decoding=\"async\" aria-describedby=\"mla_gallery-5-8077\" width=\"64\" height=\"64\" src=\"https:\/\/www.nvssf.com\/forbundet\/wp-content\/plugins\/media-library-assistant\/images\/crystal\/default.png\" class=\"attachment-64x64 size-64x64\" alt=\"\" \/><\/a>\r\n\t<\/dt>\r\n\t<dd class='wp-caption-text gallery-caption' id='mla_gallery-5-8077'>\n\tTurning Torso Chess Event 2019\n\t<\/dd><\/dl><dl class='gallery-item '>\r\n\t<dt class='gallery-icon '>\r\n\t\t<a href='https:\/\/www.nvssf.com\/forbundet\/wp-content\/uploads\/2019\/11\/juniorallsvenskan2019.pgn'><img loading=\"lazy\" decoding=\"async\" aria-describedby=\"mla_gallery-5-8062\" width=\"64\" height=\"64\" src=\"https:\/\/www.nvssf.com\/forbundet\/wp-content\/plugins\/media-library-assistant\/images\/crystal\/default.png\" class=\"attachment-64x64 size-64x64\" alt=\"\" \/><\/a>\r\n\t<\/dt>\r\n\t<dd class='wp-caption-text gallery-caption' id='mla_gallery-5-8062'>\n\tJuniorallsvenskan 2019\n\t<\/dd><\/dl><dl class='gallery-item last_in_row'>\r\n\t<dt class='gallery-icon '>\r\n\t\t<a href='https:\/\/www.nvssf.com\/forbundet\/wp-content\/uploads\/2019\/10\/skolsm2019.pgn'><img loading=\"lazy\" decoding=\"async\" aria-describedby=\"mla_gallery-5-7960\" width=\"64\" height=\"64\" src=\"https:\/\/www.nvssf.com\/forbundet\/wp-content\/plugins\/media-library-assistant\/images\/crystal\/default.png\" class=\"attachment-64x64 size-64x64\" alt=\"\" \/><\/a>\r\n\t<\/dt>\r\n\t<dd class='wp-caption-text gallery-caption' id='mla_gallery-5-7960'>\n\tSkol-SM i Halmstad\n\t<\/dd><\/dl><br style=\"clear: both\" \/>\r\n<!-- row-open -->\r\n<dl class='gallery-item '>\r\n\t<dt class='gallery-icon '>\r\n\t\t<a href='https:\/\/www.nvssf.com\/forbundet\/wp-content\/uploads\/2019\/10\/kvibergspelen2019.pgn'><img loading=\"lazy\" decoding=\"async\" aria-describedby=\"mla_gallery-5-7933\" width=\"64\" height=\"64\" src=\"https:\/\/www.nvssf.com\/forbundet\/wp-content\/plugins\/media-library-assistant\/images\/crystal\/default.png\" class=\"attachment-64x64 size-64x64\" alt=\"\" \/><\/a>\r\n\t<\/dt>\r\n\t<dd class='wp-caption-text gallery-caption' id='mla_gallery-5-7933'>\n\tKvibergspelen 2019\n\t<\/dd><\/dl><dl class='gallery-item '>\r\n\t<dt class='gallery-icon '>\r\n\t\t<a href='https:\/\/www.nvssf.com\/forbundet\/wp-content\/uploads\/2019\/09\/mumienopen2019.pgn'><img loading=\"lazy\" decoding=\"async\" aria-describedby=\"mla_gallery-5-7875\" width=\"64\" height=\"64\" src=\"https:\/\/www.nvssf.com\/forbundet\/wp-content\/plugins\/media-library-assistant\/images\/crystal\/default.png\" class=\"attachment-64x64 size-64x64\" alt=\"\" \/><\/a>\r\n\t<\/dt>\r\n\t<dd class='wp-caption-text gallery-caption' id='mla_gallery-5-7875'>\n\tMumien Open 2019\n\t<\/dd><\/dl><dl class='gallery-item last_in_row'>\r\n\t<dt class='gallery-icon '>\r\n\t\t<a href='https:\/\/www.nvssf.com\/forbundet\/wp-content\/uploads\/2019\/08\/cellavision2019.pgn'><img loading=\"lazy\" decoding=\"async\" aria-describedby=\"mla_gallery-5-7751\" width=\"64\" height=\"64\" src=\"https:\/\/www.nvssf.com\/forbundet\/wp-content\/plugins\/media-library-assistant\/images\/crystal\/default.png\" class=\"attachment-64x64 size-64x64\" alt=\"\" \/><\/a>\r\n\t<\/dt>\r\n\t<dd class='wp-caption-text gallery-caption' id='mla_gallery-5-7751'>\n\tCellavision Chess Cup\n\t<\/dd><\/dl><br style=\"clear: both\" \/>\r\n<!-- row-open -->\r\n<dl class='gallery-item '>\r\n\t<dt class='gallery-icon '>\r\n\t\t<a href='https:\/\/www.nvssf.com\/forbundet\/wp-content\/uploads\/2019\/07\/xtracon2019.pgn'><img loading=\"lazy\" decoding=\"async\" aria-describedby=\"mla_gallery-5-7723\" width=\"64\" height=\"64\" src=\"https:\/\/www.nvssf.com\/forbundet\/wp-content\/plugins\/media-library-assistant\/images\/crystal\/default.png\" class=\"attachment-64x64 size-64x64\" alt=\"\" \/><\/a>\r\n\t<\/dt>\r\n\t<dd class='wp-caption-text gallery-caption' id='mla_gallery-5-7723'>\n\tXtracon Chess Open\n\t<\/dd><\/dl><dl class='gallery-item '>\r\n\t<dt class='gallery-icon '>\r\n\t\t<a href='https:\/\/www.nvssf.com\/forbundet\/wp-content\/uploads\/2019\/07\/klassM2019.pgn'><img loading=\"lazy\" decoding=\"async\" aria-describedby=\"mla_gallery-5-7700\" width=\"64\" height=\"64\" src=\"https:\/\/www.nvssf.com\/forbundet\/wp-content\/plugins\/media-library-assistant\/images\/crystal\/default.png\" class=\"attachment-64x64 size-64x64\" alt=\"\" \/><\/a>\r\n\t<\/dt>\r\n\t<dd class='wp-caption-text gallery-caption' id='mla_gallery-5-7700'>\n\tKlass M SM 2019\n\t<\/dd><\/dl><dl class='gallery-item last_in_row'>\r\n\t<dt class='gallery-icon '>\r\n\t\t<a href='https:\/\/www.nvssf.com\/forbundet\/wp-content\/uploads\/2019\/07\/smgruppen2019.pgn'><img loading=\"lazy\" decoding=\"async\" aria-describedby=\"mla_gallery-5-7698\" width=\"64\" height=\"64\" src=\"https:\/\/www.nvssf.com\/forbundet\/wp-content\/plugins\/media-library-assistant\/images\/crystal\/default.png\" class=\"attachment-64x64 size-64x64\" alt=\"\" \/><\/a>\r\n\t<\/dt>\r\n\t<dd class='wp-caption-text gallery-caption' id='mla_gallery-5-7698'>\n\tSverigem\u00e4starklassen 2019\n\t<\/dd><\/dl><br style=\"clear: both\" \/>\r\n<!-- row-open -->\r\n<dl class='gallery-item '>\r\n\t<dt class='gallery-icon '>\r\n\t\t<a href='https:\/\/www.nvssf.com\/forbundet\/wp-content\/uploads\/2019\/07\/veteranSM2019_65.pgn'><img loading=\"lazy\" decoding=\"async\" aria-describedby=\"mla_gallery-5-7699\" width=\"64\" height=\"64\" src=\"https:\/\/www.nvssf.com\/forbundet\/wp-content\/plugins\/media-library-assistant\/images\/crystal\/default.png\" class=\"attachment-64x64 size-64x64\" alt=\"\" \/><\/a>\r\n\t<\/dt>\r\n\t<dd class='wp-caption-text gallery-caption' id='mla_gallery-5-7699'>\n\tVeteran-SM 65+ 2019\n\t<\/dd><\/dl><dl class='gallery-item '>\r\n\t<dt class='gallery-icon '>\r\n\t\t<a href='https:\/\/www.nvssf.com\/forbundet\/wp-content\/uploads\/2019\/06\/deltaliftopen2019.pgn'><img loading=\"lazy\" decoding=\"async\" aria-describedby=\"mla_gallery-5-7584\" width=\"64\" height=\"64\" src=\"https:\/\/www.nvssf.com\/forbundet\/wp-content\/plugins\/media-library-assistant\/images\/crystal\/default.png\" class=\"attachment-64x64 size-64x64\" alt=\"\" \/><\/a>\r\n\t<\/dt>\r\n\t<dd class='wp-caption-text gallery-caption' id='mla_gallery-5-7584'>\n\tDeltalift Open\/Harplinge Mini Open \n\t<\/dd><\/dl><dl class='gallery-item last_in_row'>\r\n\t<dt class='gallery-icon '>\r\n\t\t<a href='https:\/\/www.nvssf.com\/forbundet\/wp-content\/uploads\/2019\/02\/nordiskaskol2019.pgn'><img loading=\"lazy\" decoding=\"async\" aria-describedby=\"mla_gallery-5-7135\" width=\"64\" height=\"64\" src=\"https:\/\/www.nvssf.com\/forbundet\/wp-content\/plugins\/media-library-assistant\/images\/crystal\/default.png\" class=\"attachment-64x64 size-64x64\" alt=\"\" \/><\/a>\r\n\t<\/dt>\r\n\t<dd class='wp-caption-text gallery-caption' id='mla_gallery-5-7135'>\n\tSkol-NM &#8211; Svenskarnas lives\u00e4nda partier\n\t<\/dd><\/dl><br style=\"clear: both\" \/>\r\n<!-- row-open -->\r\n<dl class='gallery-item '>\r\n\t<dt class='gallery-icon '>\r\n\t\t<a href='https:\/\/www.nvssf.com\/forbundet\/wp-content\/uploads\/2019\/02\/elitehotelsopen2019.pgn'><img loading=\"lazy\" decoding=\"async\" aria-describedby=\"mla_gallery-5-7101\" width=\"64\" height=\"64\" src=\"https:\/\/www.nvssf.com\/forbundet\/wp-content\/plugins\/media-library-assistant\/images\/crystal\/default.png\" class=\"attachment-64x64 size-64x64\" alt=\"\" \/><\/a>\r\n\t<\/dt>\r\n\t<dd class='wp-caption-text gallery-caption' id='mla_gallery-5-7101'>\n\tElite Hotels Open 2019\n\t<\/dd><\/dl><dl class='gallery-item '>\r\n\t<dt class='gallery-icon '>\r\n\t\t<a href='https:\/\/www.nvssf.com\/forbundet\/wp-content\/uploads\/2019\/01\/flicksm2019.pgn'><img loading=\"lazy\" decoding=\"async\" aria-describedby=\"mla_gallery-5-7052\" width=\"64\" height=\"64\" src=\"https:\/\/www.nvssf.com\/forbundet\/wp-content\/plugins\/media-library-assistant\/images\/crystal\/default.png\" class=\"attachment-64x64 size-64x64\" alt=\"\" \/><\/a>\r\n\t<\/dt>\r\n\t<dd class='wp-caption-text gallery-caption' id='mla_gallery-5-7052'>\n\tFlick-SM i Helsingborg 2019\n\t<\/dd><\/dl><br style=\"clear: both\" \/>\r\n<\/div>\r\n\n<h2>2018<\/h2>\n<style type='text\/css'>\r\n\t#mla_gallery-6 {\r\n\t\tmargin: auto;\r\n\t\twidth: 100%;\r\n\t}\r\n\t#mla_gallery-6 .gallery-item {\r\n\t\tfloat: none;\r\n\t\tmargin: 1.5%;\r\n\t\tdisplay: inline-block;\r\n\t\ttext-align: center;\r\n\t\twidth: 30.3%;\r\n\t}\r\n\t#mla_gallery-6 .gallery-item .gallery-icon img {\r\n\t\tborder: 2px solid #cfcfcf;\r\n\t}\r\n\t#mla_gallery-6 .gallery-caption {\r\n\t\tmargin-left: 0;\r\n\t\tvertical-align: top;\r\n\t}\r\n<\/style>\r\n<div id='mla_gallery-6' class='gallery galleryid-186 gallery-columns-3 gallery-size-icon'>\r\n<!-- row-open -->\r\n<dl class='gallery-item '>\r\n\t<dt class='gallery-icon '>\r\n\t\t<a href='https:\/\/www.nvssf.com\/forbundet\/wp-content\/uploads\/2018\/12\/mopen2018.pgn'><img loading=\"lazy\" decoding=\"async\" aria-describedby=\"mla_gallery-6-6982\" width=\"64\" height=\"64\" src=\"https:\/\/www.nvssf.com\/forbundet\/wp-content\/plugins\/media-library-assistant\/images\/crystal\/default.png\" class=\"attachment-64x64 size-64x64\" alt=\"\" \/><\/a>\r\n\t<\/dt>\r\n\t<dd class='wp-caption-text gallery-caption' id='mla_gallery-6-6982'>\n\tMalm\u00f6\/MSF Open 2018\n\t<\/dd><\/dl><dl class='gallery-item '>\r\n\t<dt class='gallery-icon '>\r\n\t\t<a href='https:\/\/www.nvssf.com\/forbundet\/wp-content\/uploads\/2018\/12\/bistroStellaChessEvent2018.pgn'><img loading=\"lazy\" decoding=\"async\" aria-describedby=\"mla_gallery-6-6944\" width=\"64\" height=\"64\" src=\"https:\/\/www.nvssf.com\/forbundet\/wp-content\/plugins\/media-library-assistant\/images\/crystal\/default.png\" class=\"attachment-64x64 size-64x64\" alt=\"\" \/><\/a>\r\n\t<\/dt>\r\n\t<dd class='wp-caption-text gallery-caption' id='mla_gallery-6-6944'>\n\tBistro Stella Limhamn Chess Event\n\t<\/dd><\/dl><dl class='gallery-item last_in_row'>\r\n\t<dt class='gallery-icon '>\r\n\t\t<a href='https:\/\/www.nvssf.com\/forbundet\/wp-content\/uploads\/2018\/09\/6_klubb_2018.pgn'><img loading=\"lazy\" decoding=\"async\" aria-describedby=\"mla_gallery-6-6734\" width=\"64\" height=\"64\" src=\"https:\/\/www.nvssf.com\/forbundet\/wp-content\/plugins\/media-library-assistant\/images\/crystal\/default.png\" class=\"attachment-64x64 size-64x64\" alt=\"\" \/><\/a>\r\n\t<\/dt>\r\n\t<dd class='wp-caption-text gallery-caption' id='mla_gallery-6-6734'>\n\t6-klubbs matchen 2018\n\t<\/dd><\/dl><br style=\"clear: both\" \/>\r\n<!-- row-open -->\r\n<dl class='gallery-item '>\r\n\t<dt class='gallery-icon '>\r\n\t\t<a href='https:\/\/www.nvssf.com\/forbundet\/wp-content\/uploads\/2018\/09\/mumienopen2018.pgn'><img loading=\"lazy\" decoding=\"async\" aria-describedby=\"mla_gallery-6-6690\" width=\"64\" height=\"64\" src=\"https:\/\/www.nvssf.com\/forbundet\/wp-content\/plugins\/media-library-assistant\/images\/crystal\/default.png\" class=\"attachment-64x64 size-64x64\" alt=\"\" \/><\/a>\r\n\t<\/dt>\r\n\t<dd class='wp-caption-text gallery-caption' id='mla_gallery-6-6690'>\n\tMumien Open 2018\n\t<\/dd><\/dl><dl class='gallery-item '>\r\n\t<dt class='gallery-icon '>\r\n\t\t<a href='https:\/\/www.nvssf.com\/forbundet\/wp-content\/uploads\/2018\/09\/veteran_snabbsm2018.pgn'><img loading=\"lazy\" decoding=\"async\" aria-describedby=\"mla_gallery-6-6668\" width=\"64\" height=\"64\" src=\"https:\/\/www.nvssf.com\/forbundet\/wp-content\/plugins\/media-library-assistant\/images\/crystal\/default.png\" class=\"attachment-64x64 size-64x64\" alt=\"\" \/><\/a>\r\n\t<\/dt>\r\n\t<dd class='wp-caption-text gallery-caption' id='mla_gallery-6-6668'>\n\tSnabbschacks-SM veteraner 50+\/65+\n\t<\/dd><\/dl><dl class='gallery-item last_in_row'>\r\n\t<dt class='gallery-icon '>\r\n\t\t<a href='https:\/\/www.nvssf.com\/forbundet\/wp-content\/uploads\/2018\/08\/cellavision2018.pgn'><img loading=\"lazy\" decoding=\"async\" aria-describedby=\"mla_gallery-6-6476\" width=\"64\" height=\"64\" src=\"https:\/\/www.nvssf.com\/forbundet\/wp-content\/plugins\/media-library-assistant\/images\/crystal\/default.png\" class=\"attachment-64x64 size-64x64\" alt=\"\" \/><\/a>\r\n\t<\/dt>\r\n\t<dd class='wp-caption-text gallery-caption' id='mla_gallery-6-6476'>\n\tCellavision Chess Cup\n\t<\/dd><\/dl><br style=\"clear: both\" \/>\r\n<!-- row-open -->\r\n<dl class='gallery-item '>\r\n\t<dt class='gallery-icon '>\r\n\t\t<a href='https:\/\/www.nvssf.com\/forbundet\/wp-content\/uploads\/2018\/07\/xtracon2018.pgn'><img loading=\"lazy\" decoding=\"async\" aria-describedby=\"mla_gallery-6-6438\" width=\"64\" height=\"64\" src=\"https:\/\/www.nvssf.com\/forbundet\/wp-content\/plugins\/media-library-assistant\/images\/crystal\/default.png\" class=\"attachment-64x64 size-64x64\" alt=\"\" \/><\/a>\r\n\t<\/dt>\r\n\t<dd class='wp-caption-text gallery-caption' id='mla_gallery-6-6438'>\n\tXtracon Chess Open 2018\n\t<\/dd><\/dl><dl class='gallery-item '>\r\n\t<dt class='gallery-icon '>\r\n\t\t<a href='https:\/\/www.nvssf.com\/forbundet\/wp-content\/uploads\/2018\/05\/deltalift2018.pgn'><img loading=\"lazy\" decoding=\"async\" aria-describedby=\"mla_gallery-6-6167\" width=\"64\" height=\"64\" src=\"https:\/\/www.nvssf.com\/forbundet\/wp-content\/plugins\/media-library-assistant\/images\/crystal\/default.png\" class=\"attachment-64x64 size-64x64\" alt=\"\" \/><\/a>\r\n\t<\/dt>\r\n\t<dd class='wp-caption-text gallery-caption' id='mla_gallery-6-6167'>\n\tDeltalift Open &#038; Harplinge Mini Open 2018\n\t<\/dd><\/dl><dl class='gallery-item last_in_row'>\r\n\t<dt class='gallery-icon '>\r\n\t\t<a href='https:\/\/www.nvssf.com\/forbundet\/wp-content\/uploads\/2018\/05\/kobenhavnSkoleskak2018.pgn'><img loading=\"lazy\" decoding=\"async\" aria-describedby=\"mla_gallery-6-6125\" width=\"64\" height=\"64\" src=\"https:\/\/www.nvssf.com\/forbundet\/wp-content\/plugins\/media-library-assistant\/images\/crystal\/default.png\" class=\"attachment-64x64 size-64x64\" alt=\"\" \/><\/a>\r\n\t<\/dt>\r\n\t<dd class='wp-caption-text gallery-caption' id='mla_gallery-6-6125'>\n\tK\u00f6penhamn Open i Skolschack\n\t<\/dd><\/dl><br style=\"clear: both\" \/>\r\n<!-- row-open -->\r\n<dl class='gallery-item '>\r\n\t<dt class='gallery-icon '>\r\n\t\t<a href='https:\/\/www.nvssf.com\/forbundet\/wp-content\/uploads\/2018\/05\/ccc2018.pgn'><img loading=\"lazy\" decoding=\"async\" aria-describedby=\"mla_gallery-6-6114\" width=\"64\" height=\"64\" src=\"https:\/\/www.nvssf.com\/forbundet\/wp-content\/plugins\/media-library-assistant\/images\/crystal\/default.png\" class=\"attachment-64x64 size-64x64\" alt=\"\" \/><\/a>\r\n\t<\/dt>\r\n\t<dd class='wp-caption-text gallery-caption' id='mla_gallery-6-6114'>\n\tCopenhagen Chess Challenge 2018\n\t<\/dd><\/dl><dl class='gallery-item '>\r\n\t<dt class='gallery-icon '>\r\n\t\t<a href='https:\/\/www.nvssf.com\/forbundet\/wp-content\/uploads\/2018\/04\/kvibergspelen2018.pgn'><img loading=\"lazy\" decoding=\"async\" aria-describedby=\"mla_gallery-6-6042\" width=\"64\" height=\"64\" src=\"https:\/\/www.nvssf.com\/forbundet\/wp-content\/plugins\/media-library-assistant\/images\/crystal\/default.png\" class=\"attachment-64x64 size-64x64\" alt=\"\" \/><\/a>\r\n\t<\/dt>\r\n\t<dd class='wp-caption-text gallery-caption' id='mla_gallery-6-6042'>\n\tKvibergspelen 2018\n\t<\/dd><\/dl><dl class='gallery-item last_in_row'>\r\n\t<dt class='gallery-icon '>\r\n\t\t<a href='https:\/\/www.nvssf.com\/forbundet\/wp-content\/uploads\/2018\/04\/kvalKadettallsvenskan2018GBG.pgn'><img loading=\"lazy\" decoding=\"async\" aria-describedby=\"mla_gallery-6-5922\" width=\"64\" height=\"64\" src=\"https:\/\/www.nvssf.com\/forbundet\/wp-content\/plugins\/media-library-assistant\/images\/crystal\/default.png\" class=\"attachment-64x64 size-64x64\" alt=\"\" \/><\/a>\r\n\t<\/dt>\r\n\t<dd class='wp-caption-text gallery-caption' id='mla_gallery-6-5922'>\n\tKvalet till Kadettallsvenskan,GBG\n\t<\/dd><\/dl><br style=\"clear: both\" \/>\r\n<!-- row-open -->\r\n<dl class='gallery-item '>\r\n\t<dt class='gallery-icon '>\r\n\t\t<a href='https:\/\/www.nvssf.com\/forbundet\/wp-content\/uploads\/2018\/02\/elitehotelsopen2018.pgn'><img loading=\"lazy\" decoding=\"async\" aria-describedby=\"mla_gallery-6-5641\" width=\"64\" height=\"64\" src=\"https:\/\/www.nvssf.com\/forbundet\/wp-content\/plugins\/media-library-assistant\/images\/crystal\/default.png\" class=\"attachment-64x64 size-64x64\" alt=\"\" \/><\/a>\r\n\t<\/dt>\r\n\t<dd class='wp-caption-text gallery-caption' id='mla_gallery-6-5641'>\n\tElite Hotels Open 2018\n\t<\/dd><\/dl><dl class='gallery-item '>\r\n\t<dt class='gallery-icon '>\r\n\t\t<a href='https:\/\/www.nvssf.com\/forbundet\/wp-content\/uploads\/2018\/02\/lillaelitehotelsopen2018.pgn'><img loading=\"lazy\" decoding=\"async\" aria-describedby=\"mla_gallery-6-5640\" width=\"64\" height=\"64\" src=\"https:\/\/www.nvssf.com\/forbundet\/wp-content\/plugins\/media-library-assistant\/images\/crystal\/default.png\" class=\"attachment-64x64 size-64x64\" alt=\"\" \/><\/a>\r\n\t<\/dt>\r\n\t<dd class='wp-caption-text gallery-caption' id='mla_gallery-6-5640'>\n\tLilla Elite Hotels Open 2018\n\t<\/dd><\/dl><dl class='gallery-item last_in_row'>\r\n\t<dt class='gallery-icon '>\r\n\t\t<a href='https:\/\/www.nvssf.com\/forbundet\/wp-content\/uploads\/2018\/01\/riltoncup17_18.pgn'><img loading=\"lazy\" decoding=\"async\" aria-describedby=\"mla_gallery-6-5515\" width=\"64\" height=\"64\" src=\"https:\/\/www.nvssf.com\/forbundet\/wp-content\/plugins\/media-library-assistant\/images\/crystal\/default.png\" class=\"attachment-64x64 size-64x64\" alt=\"\" \/><\/a>\r\n\t<\/dt>\r\n\t<dd class='wp-caption-text gallery-caption' id='mla_gallery-6-5515'>\n\tRilton Cup 2017-2018\n\t<\/dd><\/dl><br style=\"clear: both\" \/>\r\n<\/div>\r\n\n<h2>2017<\/h2>\n<style type='text\/css'>\r\n\t#mla_gallery-7 {\r\n\t\tmargin: auto;\r\n\t\twidth: 100%;\r\n\t}\r\n\t#mla_gallery-7 .gallery-item {\r\n\t\tfloat: none;\r\n\t\tmargin: 1.5%;\r\n\t\tdisplay: inline-block;\r\n\t\ttext-align: center;\r\n\t\twidth: 30.3%;\r\n\t}\r\n\t#mla_gallery-7 .gallery-item .gallery-icon img {\r\n\t\tborder: 2px solid #cfcfcf;\r\n\t}\r\n\t#mla_gallery-7 .gallery-caption {\r\n\t\tmargin-left: 0;\r\n\t\tvertical-align: top;\r\n\t}\r\n<\/style>\r\n<div id='mla_gallery-7' class='gallery galleryid-186 gallery-columns-3 gallery-size-icon'>\r\n<!-- row-open -->\r\n<dl class='gallery-item '>\r\n\t<dt class='gallery-icon '>\r\n\t\t<a href='https:\/\/www.nvssf.com\/forbundet\/wp-content\/uploads\/2018\/01\/karlstad_openr7_2017.pgn'><img loading=\"lazy\" decoding=\"async\" aria-describedby=\"mla_gallery-7-5529\" width=\"64\" height=\"64\" src=\"https:\/\/www.nvssf.com\/forbundet\/wp-content\/plugins\/media-library-assistant\/images\/crystal\/default.png\" class=\"attachment-64x64 size-64x64\" alt=\"\" \/><\/a>\r\n\t<\/dt>\r\n\t<dd class='wp-caption-text gallery-caption' id='mla_gallery-7-5529'>\n\tKarlstad Open rond 7 2017\n\t<\/dd><\/dl><dl class='gallery-item '>\r\n\t<dt class='gallery-icon '>\r\n\t\t<a href='https:\/\/www.nvssf.com\/forbundet\/wp-content\/uploads\/2018\/01\/oebro_newyear2017.pgn'><img loading=\"lazy\" decoding=\"async\" aria-describedby=\"mla_gallery-7-5476\" width=\"64\" height=\"64\" src=\"https:\/\/www.nvssf.com\/forbundet\/wp-content\/plugins\/media-library-assistant\/images\/crystal\/default.png\" class=\"attachment-64x64 size-64x64\" alt=\"\" \/><\/a>\r\n\t<\/dt>\r\n\t<dd class='wp-caption-text gallery-caption' id='mla_gallery-7-5476'>\n\t\u00c3\u02dcbros Ny\u00e5rsturnering\n\t<\/dd><\/dl><dl class='gallery-item last_in_row'>\r\n\t<dt class='gallery-icon '>\r\n\t\t<a href='https:\/\/www.nvssf.com\/forbundet\/wp-content\/uploads\/2017\/12\/malmo_msfopen2017.pgn'><img loading=\"lazy\" decoding=\"async\" aria-describedby=\"mla_gallery-7-5401\" width=\"64\" height=\"64\" src=\"https:\/\/www.nvssf.com\/forbundet\/wp-content\/plugins\/media-library-assistant\/images\/crystal\/default.png\" class=\"attachment-64x64 size-64x64\" alt=\"\" \/><\/a>\r\n\t<\/dt>\r\n\t<dd class='wp-caption-text gallery-caption' id='mla_gallery-7-5401'>\n\tMalm\u00f6 Open &#038; MSF Open\n\t<\/dd><\/dl><br style=\"clear: both\" \/>\r\n<!-- row-open -->\r\n<dl class='gallery-item '>\r\n\t<dt class='gallery-icon '>\r\n\t\t<a href='https:\/\/www.nvssf.com\/forbundet\/wp-content\/uploads\/2017\/12\/laskopen2017.pgn'><img loading=\"lazy\" decoding=\"async\" aria-describedby=\"mla_gallery-7-5293\" width=\"64\" height=\"64\" src=\"https:\/\/www.nvssf.com\/forbundet\/wp-content\/plugins\/media-library-assistant\/images\/crystal\/default.png\" class=\"attachment-64x64 size-64x64\" alt=\"\" \/><\/a>\r\n\t<\/dt>\r\n\t<dd class='wp-caption-text gallery-caption' id='mla_gallery-7-5293'>\n\tLask Open 2017\n\t<\/dd><\/dl><dl class='gallery-item '>\r\n\t<dt class='gallery-icon '>\r\n\t\t<a href='https:\/\/www.nvssf.com\/forbundet\/wp-content\/uploads\/2017\/11\/mragelopen2017.pgn'><img loading=\"lazy\" decoding=\"async\" aria-describedby=\"mla_gallery-7-5195\" width=\"64\" height=\"64\" src=\"https:\/\/www.nvssf.com\/forbundet\/wp-content\/plugins\/media-library-assistant\/images\/crystal\/default.png\" class=\"attachment-64x64 size-64x64\" alt=\"\" \/><\/a>\r\n\t<\/dt>\r\n\t<dd class='wp-caption-text gallery-caption' id='mla_gallery-7-5195'>\n\tMragel Open 2017\n\t<\/dd><\/dl><dl class='gallery-item last_in_row'>\r\n\t<dt class='gallery-icon '>\r\n\t\t<a href='https:\/\/www.nvssf.com\/forbundet\/wp-content\/uploads\/2017\/10\/vasterasopen2017.pgn'><img loading=\"lazy\" decoding=\"async\" aria-describedby=\"mla_gallery-7-4923\" width=\"64\" height=\"64\" src=\"https:\/\/www.nvssf.com\/forbundet\/wp-content\/plugins\/media-library-assistant\/images\/crystal\/default.png\" class=\"attachment-64x64 size-64x64\" alt=\"\" \/><\/a>\r\n\t<\/dt>\r\n\t<dd class='wp-caption-text gallery-caption' id='mla_gallery-7-4923'>\n\tV\u00e4ster\u00e5s Open\n\t<\/dd><\/dl><br style=\"clear: both\" \/>\r\n<!-- row-open -->\r\n<dl class='gallery-item '>\r\n\t<dt class='gallery-icon '>\r\n\t\t<a href='https:\/\/www.nvssf.com\/forbundet\/wp-content\/uploads\/2017\/10\/lillavasterasopen2017.pgn'><img loading=\"lazy\" decoding=\"async\" aria-describedby=\"mla_gallery-7-4922\" width=\"64\" height=\"64\" src=\"https:\/\/www.nvssf.com\/forbundet\/wp-content\/plugins\/media-library-assistant\/images\/crystal\/default.png\" class=\"attachment-64x64 size-64x64\" alt=\"\" \/><\/a>\r\n\t<\/dt>\r\n\t<dd class='wp-caption-text gallery-caption' id='mla_gallery-7-4922'>\n\tLilla V\u00e4ster\u00e5s Open\n\t<\/dd><\/dl><dl class='gallery-item '>\r\n\t<dt class='gallery-icon '>\r\n\t\t<a href='https:\/\/www.nvssf.com\/forbundet\/wp-content\/uploads\/2017\/10\/mumienopn2017.pgn'><img loading=\"lazy\" decoding=\"async\" aria-describedby=\"mla_gallery-7-4921\" width=\"64\" height=\"64\" src=\"https:\/\/www.nvssf.com\/forbundet\/wp-content\/plugins\/media-library-assistant\/images\/crystal\/default.png\" class=\"attachment-64x64 size-64x64\" alt=\"\" \/><\/a>\r\n\t<\/dt>\r\n\t<dd class='wp-caption-text gallery-caption' id='mla_gallery-7-4921'>\n\tMumien Open\n\t<\/dd><\/dl><dl class='gallery-item last_in_row'>\r\n\t<dt class='gallery-icon '>\r\n\t\t<a href='https:\/\/www.nvssf.com\/forbundet\/wp-content\/uploads\/2017\/09\/skollagsNM2017.pgn'><img loading=\"lazy\" decoding=\"async\" aria-describedby=\"mla_gallery-7-4907\" width=\"64\" height=\"64\" src=\"https:\/\/www.nvssf.com\/forbundet\/wp-content\/plugins\/media-library-assistant\/images\/crystal\/default.png\" class=\"attachment-64x64 size-64x64\" alt=\"\" \/><\/a>\r\n\t<\/dt>\r\n\t<dd class='wp-caption-text gallery-caption' id='mla_gallery-7-4907'>\n\tSkollags-NM 2017 Island 22 &#8211; 24 September\n\t<\/dd><\/dl><br style=\"clear: both\" \/>\r\n<!-- row-open -->\r\n<dl class='gallery-item '>\r\n\t<dt class='gallery-icon '>\r\n\t\t<a href='https:\/\/www.nvssf.com\/forbundet\/wp-content\/uploads\/2017\/08\/cellavision2017.pgn'><img loading=\"lazy\" decoding=\"async\" aria-describedby=\"mla_gallery-7-4728\" width=\"64\" height=\"64\" src=\"https:\/\/www.nvssf.com\/forbundet\/wp-content\/plugins\/media-library-assistant\/images\/crystal\/default.png\" class=\"attachment-64x64 size-64x64\" alt=\"\" \/><\/a>\r\n\t<\/dt>\r\n\t<dd class='wp-caption-text gallery-caption' id='mla_gallery-7-4728'>\n\tCellavision Chess Cup 2017\n\t<\/dd><\/dl><dl class='gallery-item '>\r\n\t<dt class='gallery-icon '>\r\n\t\t<a href='https:\/\/www.nvssf.com\/forbundet\/wp-content\/uploads\/2017\/07\/xtraconopen2017.pgn'><img loading=\"lazy\" decoding=\"async\" aria-describedby=\"mla_gallery-7-4700\" width=\"64\" height=\"64\" src=\"https:\/\/www.nvssf.com\/forbundet\/wp-content\/plugins\/media-library-assistant\/images\/crystal\/default.png\" class=\"attachment-64x64 size-64x64\" alt=\"\" \/><\/a>\r\n\t<\/dt>\r\n\t<dd class='wp-caption-text gallery-caption' id='mla_gallery-7-4700'>\n\tXtracon Chess Open 2017\n\t<\/dd><\/dl><dl class='gallery-item last_in_row'>\r\n\t<dt class='gallery-icon '>\r\n\t\t<a href='https:\/\/www.nvssf.com\/forbundet\/wp-content\/uploads\/2017\/07\/kadettsm2017.pgn'><img loading=\"lazy\" decoding=\"async\" aria-describedby=\"mla_gallery-7-4658\" width=\"64\" height=\"64\" src=\"https:\/\/www.nvssf.com\/forbundet\/wp-content\/plugins\/media-library-assistant\/images\/crystal\/default.png\" class=\"attachment-64x64 size-64x64\" alt=\"\" \/><\/a>\r\n\t<\/dt>\r\n\t<dd class='wp-caption-text gallery-caption' id='mla_gallery-7-4658'>\n\tKadett-SM 2017, rond 2 och 8 saknas.\n\t<\/dd><\/dl><br style=\"clear: both\" \/>\r\n<!-- row-open -->\r\n<dl class='gallery-item '>\r\n\t<dt class='gallery-icon '>\r\n\t\t<a href='https:\/\/www.nvssf.com\/forbundet\/wp-content\/uploads\/2017\/07\/smklassen2017.pgn'><img loading=\"lazy\" decoding=\"async\" aria-describedby=\"mla_gallery-7-4650\" width=\"64\" height=\"64\" src=\"https:\/\/www.nvssf.com\/forbundet\/wp-content\/plugins\/media-library-assistant\/images\/crystal\/default.png\" class=\"attachment-64x64 size-64x64\" alt=\"\" \/><\/a>\r\n\t<\/dt>\r\n\t<dd class='wp-caption-text gallery-caption' id='mla_gallery-7-4650'>\n\tSverigem\u00e4starklassen 2017\n\t<\/dd><\/dl><dl class='gallery-item '>\r\n\t<dt class='gallery-icon '>\r\n\t\t<a href='https:\/\/www.nvssf.com\/forbundet\/wp-content\/uploads\/2017\/07\/blitz_ch2017.pgn'><img loading=\"lazy\" decoding=\"async\" aria-describedby=\"mla_gallery-7-4623\" width=\"64\" height=\"64\" src=\"https:\/\/www.nvssf.com\/forbundet\/wp-content\/plugins\/media-library-assistant\/images\/crystal\/default.png\" class=\"attachment-64x64 size-64x64\" alt=\"\" \/><\/a>\r\n\t<\/dt>\r\n\t<dd class='wp-caption-text gallery-caption' id='mla_gallery-7-4623'>\n\tBlixt-SM 2017\n\t<\/dd><\/dl><dl class='gallery-item last_in_row'>\r\n\t<dt class='gallery-icon '>\r\n\t\t<a href='https:\/\/www.nvssf.com\/forbundet\/wp-content\/uploads\/2017\/07\/nordic-championship-2017.pgn'><img loading=\"lazy\" decoding=\"async\" aria-describedby=\"mla_gallery-7-4573\" width=\"64\" height=\"64\" src=\"https:\/\/www.nvssf.com\/forbundet\/wp-content\/plugins\/media-library-assistant\/images\/crystal\/default.png\" class=\"attachment-64x64 size-64x64\" alt=\"\" \/><\/a>\r\n\t<\/dt>\r\n\t<dd class='wp-caption-text gallery-caption' id='mla_gallery-7-4573'>\n\tNordiska M\u00e4sterskapet i V\u00e4xj\u00f6\n\t<\/dd><\/dl><br style=\"clear: both\" \/>\r\n<!-- row-open -->\r\n<dl class='gallery-item '>\r\n\t<dt class='gallery-icon '>\r\n\t\t<a href='https:\/\/www.nvssf.com\/forbundet\/wp-content\/uploads\/2017\/05\/deltalift2017.pgn'><img loading=\"lazy\" decoding=\"async\" aria-describedby=\"mla_gallery-7-4427\" width=\"64\" height=\"64\" src=\"https:\/\/www.nvssf.com\/forbundet\/wp-content\/plugins\/media-library-assistant\/images\/crystal\/default.png\" class=\"attachment-64x64 size-64x64\" alt=\"\" \/><\/a>\r\n\t<\/dt>\r\n\t<dd class='wp-caption-text gallery-caption' id='mla_gallery-7-4427'>\n\tDeltalift Open + Harplinge Mini Open 2017\n\t<\/dd><\/dl><dl class='gallery-item '>\r\n\t<dt class='gallery-icon '>\r\n\t\t<a href='https:\/\/www.nvssf.com\/forbundet\/wp-content\/uploads\/2017\/05\/kadettkvalVasteras2017.pgn'><img loading=\"lazy\" decoding=\"async\" aria-describedby=\"mla_gallery-7-4309\" width=\"64\" height=\"64\" src=\"https:\/\/www.nvssf.com\/forbundet\/wp-content\/plugins\/media-library-assistant\/images\/crystal\/default.png\" class=\"attachment-64x64 size-64x64\" alt=\"\" \/><\/a>\r\n\t<\/dt>\r\n\t<dd class='wp-caption-text gallery-caption' id='mla_gallery-7-4309'>\n\tKadettallsvenskans kval i V\u00e4ster\u00e5s\n\t<\/dd><\/dl><dl class='gallery-item last_in_row'>\r\n\t<dt class='gallery-icon '>\r\n\t\t<a href='https:\/\/www.nvssf.com\/forbundet\/wp-content\/uploads\/2017\/05\/kvibergspelen2017.pgn'><img loading=\"lazy\" decoding=\"async\" aria-describedby=\"mla_gallery-7-4290\" width=\"64\" height=\"64\" src=\"https:\/\/www.nvssf.com\/forbundet\/wp-content\/plugins\/media-library-assistant\/images\/crystal\/default.png\" class=\"attachment-64x64 size-64x64\" alt=\"\" \/><\/a>\r\n\t<\/dt>\r\n\t<dd class='wp-caption-text gallery-caption' id='mla_gallery-7-4290'>\n\tKvibergspelen 2017\n\t<\/dd><\/dl><br style=\"clear: both\" \/>\r\n<!-- row-open -->\r\n<dl class='gallery-item '>\r\n\t<dt class='gallery-icon '>\r\n\t\t<a href='https:\/\/www.nvssf.com\/forbundet\/wp-content\/uploads\/2017\/04\/paskturneringenNorrkoping2017.pgn'><img loading=\"lazy\" decoding=\"async\" aria-describedby=\"mla_gallery-7-4124\" width=\"64\" height=\"64\" src=\"https:\/\/www.nvssf.com\/forbundet\/wp-content\/plugins\/media-library-assistant\/images\/crystal\/default.png\" class=\"attachment-64x64 size-64x64\" alt=\"\" \/><\/a>\r\n\t<\/dt>\r\n\t<dd class='wp-caption-text gallery-caption' id='mla_gallery-7-4124'>\n\tSchack 08:s P\u00e5skturnering 2017\n\t<\/dd><\/dl><dl class='gallery-item '>\r\n\t<dt class='gallery-icon '>\r\n\t\t<a href='https:\/\/www.nvssf.com\/forbundet\/wp-content\/uploads\/2017\/04\/lundopen2017.pgn'><img loading=\"lazy\" decoding=\"async\" aria-describedby=\"mla_gallery-7-4112\" width=\"64\" height=\"64\" src=\"https:\/\/www.nvssf.com\/forbundet\/wp-content\/plugins\/media-library-assistant\/images\/crystal\/default.png\" class=\"attachment-64x64 size-64x64\" alt=\"\" \/><\/a>\r\n\t<\/dt>\r\n\t<dd class='wp-caption-text gallery-caption' id='mla_gallery-7-4112'>\n\tLund Open 2017\n\t<\/dd><\/dl><dl class='gallery-item last_in_row'>\r\n\t<dt class='gallery-icon '>\r\n\t\t<a href='https:\/\/www.nvssf.com\/forbundet\/wp-content\/uploads\/2017\/04\/minior_knattar2017.pgn'><img loading=\"lazy\" decoding=\"async\" aria-describedby=\"mla_gallery-7-4068\" width=\"64\" height=\"64\" src=\"https:\/\/www.nvssf.com\/forbundet\/wp-content\/plugins\/media-library-assistant\/images\/crystal\/default.png\" class=\"attachment-64x64 size-64x64\" alt=\"\" \/><\/a>\r\n\t<\/dt>\r\n\t<dd class='wp-caption-text gallery-caption' id='mla_gallery-7-4068'>\n\tSnabb-SM i Lund f\u00f6r Miniorer &#038; Knattar 2017\n\t<\/dd><\/dl><br style=\"clear: both\" \/>\r\n<\/div>\r\n\n<h2>2016<\/h2>\n<style type='text\/css'>\r\n\t#mla_gallery-8 {\r\n\t\tmargin: auto;\r\n\t\twidth: 100%;\r\n\t}\r\n\t#mla_gallery-8 .gallery-item {\r\n\t\tfloat: none;\r\n\t\tmargin: 1.5%;\r\n\t\tdisplay: inline-block;\r\n\t\ttext-align: center;\r\n\t\twidth: 30.3%;\r\n\t}\r\n\t#mla_gallery-8 .gallery-item .gallery-icon img {\r\n\t\tborder: 2px solid #cfcfcf;\r\n\t}\r\n\t#mla_gallery-8 .gallery-caption {\r\n\t\tmargin-left: 0;\r\n\t\tvertical-align: top;\r\n\t}\r\n<\/style>\r\n<div id='mla_gallery-8' class='gallery galleryid-186 gallery-columns-3 gallery-size-icon'>\r\n<!-- row-open -->\r\n<dl class='gallery-item '>\r\n\t<dt class='gallery-icon '>\r\n\t\t<a href='https:\/\/www.nvssf.com\/forbundet\/wp-content\/uploads\/2016\/12\/mopen2016.pgn'><img loading=\"lazy\" decoding=\"async\" aria-describedby=\"mla_gallery-8-3744\" width=\"64\" height=\"64\" src=\"https:\/\/www.nvssf.com\/forbundet\/wp-content\/plugins\/media-library-assistant\/images\/crystal\/default.png\" class=\"attachment-64x64 size-64x64\" alt=\"\" \/><\/a>\r\n\t<\/dt>\r\n\t<dd class='wp-caption-text gallery-caption' id='mla_gallery-8-3744'>\n\tPartier ifr\u00e5n Malm\u00f6 &#038; MSF Open 2016\n\t<\/dd><\/dl><dl class='gallery-item '>\r\n\t<dt class='gallery-icon '>\r\n\t\t<a href='https:\/\/www.nvssf.com\/forbundet\/wp-content\/uploads\/2016\/12\/bohman_dalling_seniorwc2016.pgn'><img loading=\"lazy\" decoding=\"async\" aria-describedby=\"mla_gallery-8-3667\" width=\"64\" height=\"64\" src=\"https:\/\/www.nvssf.com\/forbundet\/wp-content\/plugins\/media-library-assistant\/images\/crystal\/default.png\" class=\"attachment-64x64 size-64x64\" alt=\"\" \/><\/a>\r\n\t<\/dt>\r\n\t<dd class='wp-caption-text gallery-caption' id='mla_gallery-8-3667'>\n\tPartier med Leif Bohman &#038; Peter Dalling Senior-VM 2016 i Marianske Lazne.\n\t<\/dd><\/dl><dl class='gallery-item last_in_row'>\r\n\t<dt class='gallery-icon '>\r\n\t\t<a href='https:\/\/www.nvssf.com\/forbundet\/wp-content\/uploads\/2016\/11\/juniorallsvenskan2016.pgn'><img loading=\"lazy\" decoding=\"async\" aria-describedby=\"mla_gallery-8-3648\" width=\"64\" height=\"64\" src=\"https:\/\/www.nvssf.com\/forbundet\/wp-content\/plugins\/media-library-assistant\/images\/crystal\/default.png\" class=\"attachment-64x64 size-64x64\" alt=\"\" \/><\/a>\r\n\t<\/dt>\r\n\t<dd class='wp-caption-text gallery-caption' id='mla_gallery-8-3648'>\n\tPartier ifr\u00e5n Juniorallsvenskans final Div I.\n\t<\/dd><\/dl><br style=\"clear: both\" \/>\r\n<!-- row-open -->\r\n<dl class='gallery-item '>\r\n\t<dt class='gallery-icon '>\r\n\t\t<a href='https:\/\/www.nvssf.com\/forbundet\/wp-content\/uploads\/2016\/10\/jb_sejfoDM2016.pgn'><img loading=\"lazy\" decoding=\"async\" aria-describedby=\"mla_gallery-8-3441\" width=\"64\" height=\"64\" src=\"https:\/\/www.nvssf.com\/forbundet\/wp-content\/plugins\/media-library-assistant\/images\/crystal\/default.png\" class=\"attachment-64x64 size-64x64\" alt=\"\" \/><\/a>\r\n\t<\/dt>\r\n\t<dd class='wp-caption-text gallery-caption' id='mla_gallery-8-3441'>\n\tJan Bengtsson &#8211; Sejfo Agovic DM 2016\n\t<\/dd><\/dl><dl class='gallery-item '>\r\n\t<dt class='gallery-icon '>\r\n\t\t<a href='https:\/\/www.nvssf.com\/forbundet\/wp-content\/uploads\/2016\/06\/NVSSFvaxjospelen2016.pgn'><img loading=\"lazy\" decoding=\"async\" aria-describedby=\"mla_gallery-8-3085\" width=\"64\" height=\"64\" src=\"https:\/\/www.nvssf.com\/forbundet\/wp-content\/plugins\/media-library-assistant\/images\/crystal\/default.png\" class=\"attachment-64x64 size-64x64\" alt=\"\" \/><\/a>\r\n\t<\/dt>\r\n\t<dd class='wp-caption-text gallery-caption' id='mla_gallery-8-3085'>\n\tPatrik Nilssons, Stefan H\u00e5kanssons &#038; Staffan Thomassons partier i V\u00e4xj\u00f6spelen 2016\n\t<\/dd><\/dl><dl class='gallery-item last_in_row'>\r\n\t<dt class='gallery-icon '>\r\n\t\t<a href='https:\/\/www.nvssf.com\/forbundet\/wp-content\/uploads\/2016\/06\/kaare_ortisei.pgn'><img loading=\"lazy\" decoding=\"async\" aria-describedby=\"mla_gallery-8-3078\" width=\"64\" height=\"64\" src=\"https:\/\/www.nvssf.com\/forbundet\/wp-content\/plugins\/media-library-assistant\/images\/crystal\/default.png\" class=\"attachment-64x64 size-64x64\" alt=\"\" \/><\/a>\r\n\t<\/dt>\r\n\t<dd class='wp-caption-text gallery-caption' id='mla_gallery-8-3078'>\n\tK\u00e5re Hove Kristensens partier i Italienska Ortisei\n\t<\/dd><\/dl><br style=\"clear: both\" \/>\r\n<!-- row-open -->\r\n<dl class='gallery-item '>\r\n\t<dt class='gallery-icon '>\r\n\t\t<a href='https:\/\/www.nvssf.com\/forbundet\/wp-content\/uploads\/2016\/05\/BlindfoldKing2016.pgn'><img loading=\"lazy\" decoding=\"async\" aria-describedby=\"mla_gallery-8-3022\" width=\"64\" height=\"64\" src=\"https:\/\/www.nvssf.com\/forbundet\/wp-content\/plugins\/media-library-assistant\/images\/crystal\/default.png\" class=\"attachment-64x64 size-64x64\" alt=\"\" \/><\/a>\r\n\t<\/dt>\r\n\t<dd class='wp-caption-text gallery-caption' id='mla_gallery-8-3022'>\n\tBlindfold King 2016,Stockholm. GM Timur Gareyev, USA m\u00f6tte 10 motst\u00e5ndare blint i en simultan.\n\t<\/dd><\/dl><dl class='gallery-item '>\r\n\t<dt class='gallery-icon '>\r\n\t\t<a href='https:\/\/www.nvssf.com\/forbundet\/wp-content\/uploads\/2016\/05\/kadettkvalsodra2016.pgn'><img loading=\"lazy\" decoding=\"async\" aria-describedby=\"mla_gallery-8-3003\" width=\"64\" height=\"64\" src=\"https:\/\/www.nvssf.com\/forbundet\/wp-content\/plugins\/media-library-assistant\/images\/crystal\/default.png\" class=\"attachment-64x64 size-64x64\" alt=\"\" \/><\/a>\r\n\t<\/dt>\r\n\t<dd class='wp-caption-text gallery-caption' id='mla_gallery-8-3003'>\n\tKadettkvalet i Helsingborg\n\t<\/dd><\/dl><dl class='gallery-item last_in_row'>\r\n\t<dt class='gallery-icon '>\r\n\t\t<a href='https:\/\/www.nvssf.com\/forbundet\/wp-content\/uploads\/2016\/05\/deltalift2016.pgn'><img loading=\"lazy\" decoding=\"async\" aria-describedby=\"mla_gallery-8-2991\" width=\"64\" height=\"64\" src=\"https:\/\/www.nvssf.com\/forbundet\/wp-content\/plugins\/media-library-assistant\/images\/crystal\/default.png\" class=\"attachment-64x64 size-64x64\" alt=\"\" \/><\/a>\r\n\t<\/dt>\r\n\t<dd class='wp-caption-text gallery-caption' id='mla_gallery-8-2991'>\n\tDeltalift Open &#038; Harplinge Mini Open 2016\n\t<\/dd><\/dl><br style=\"clear: both\" \/>\r\n<!-- row-open -->\r\n<dl class='gallery-item '>\r\n\t<dt class='gallery-icon '>\r\n\t\t<a href='https:\/\/www.nvssf.com\/forbundet\/wp-content\/uploads\/2016\/04\/kaare_sylvanccc2016.pgn'><img loading=\"lazy\" decoding=\"async\" aria-describedby=\"mla_gallery-8-2934\" width=\"64\" height=\"64\" src=\"https:\/\/www.nvssf.com\/forbundet\/wp-content\/plugins\/media-library-assistant\/images\/crystal\/default.png\" class=\"attachment-64x64 size-64x64\" alt=\"\" \/><\/a>\r\n\t<\/dt>\r\n\t<dd class='wp-caption-text gallery-caption' id='mla_gallery-8-2934'>\n\tPartier med K\u00e5re Kristensen och Jacob Sylvan ifr\u00e5n Copenhagen Chess Challenge.\n\t<\/dd><\/dl><dl class='gallery-item '>\r\n\t<dt class='gallery-icon '>\r\n\t\t<a href='https:\/\/www.nvssf.com\/forbundet\/wp-content\/uploads\/2016\/04\/euroseniorteam2016.pgn'><img loading=\"lazy\" decoding=\"async\" aria-describedby=\"mla_gallery-8-2910\" width=\"64\" height=\"64\" src=\"https:\/\/www.nvssf.com\/forbundet\/wp-content\/plugins\/media-library-assistant\/images\/crystal\/default.png\" class=\"attachment-64x64 size-64x64\" alt=\"\" \/><\/a>\r\n\t<\/dt>\r\n\t<dd class='wp-caption-text gallery-caption' id='mla_gallery-8-2910'>\n\tPartier med G\u00f6sta Petersson och Jan Bengtsson ifr\u00e5n Lag-EM.\n\t<\/dd><\/dl><dl class='gallery-item last_in_row'>\r\n\t<dt class='gallery-icon '>\r\n\t\t<a href='https:\/\/www.nvssf.com\/forbundet\/wp-content\/uploads\/2016\/04\/lundopen2016.pgn'><img loading=\"lazy\" decoding=\"async\" aria-describedby=\"mla_gallery-8-2851\" width=\"64\" height=\"64\" src=\"https:\/\/www.nvssf.com\/forbundet\/wp-content\/plugins\/media-library-assistant\/images\/crystal\/default.png\" class=\"attachment-64x64 size-64x64\" alt=\"\" \/><\/a>\r\n\t<\/dt>\r\n\t<dd class='wp-caption-text gallery-caption' id='mla_gallery-8-2851'>\n\tLund Open 2016\n\t<\/dd><\/dl><br style=\"clear: both\" \/>\r\n<!-- row-open -->\r\n<dl class='gallery-item '>\r\n\t<dt class='gallery-icon '>\r\n\t\t<a href='https:\/\/www.nvssf.com\/forbundet\/wp-content\/uploads\/2016\/03\/rosell_nilsson2016.pgn'><img loading=\"lazy\" decoding=\"async\" aria-describedby=\"mla_gallery-8-2713\" width=\"64\" height=\"64\" src=\"https:\/\/www.nvssf.com\/forbundet\/wp-content\/plugins\/media-library-assistant\/images\/crystal\/default.png\" class=\"attachment-64x64 size-64x64\" alt=\"\" \/><\/a>\r\n\t<\/dt>\r\n\t<dd class='wp-caption-text gallery-caption' id='mla_gallery-8-2713'>\n\tFinalparti \u00c5SS mot 100 2015-2016: Tomas Rosell &#8211; Patrik Nilsson\n\t<\/dd><\/dl><dl class='gallery-item '>\r\n\t<dt class='gallery-icon '>\r\n\t\t<a href='https:\/\/www.nvssf.com\/forbundet\/wp-content\/uploads\/2016\/03\/paskturneringen2016.pgn'><img loading=\"lazy\" decoding=\"async\" aria-describedby=\"mla_gallery-8-2705\" width=\"64\" height=\"64\" src=\"https:\/\/www.nvssf.com\/forbundet\/wp-content\/plugins\/media-library-assistant\/images\/crystal\/default.png\" class=\"attachment-64x64 size-64x64\" alt=\"\" \/><\/a>\r\n\t<\/dt>\r\n\t<dd class='wp-caption-text gallery-caption' id='mla_gallery-8-2705'>\n\tP\u00e5skturneringen Norrk\u00f6ping 2016\n\t<\/dd><\/dl><dl class='gallery-item last_in_row'>\r\n\t<dt class='gallery-icon '>\r\n\t\t<a href='https:\/\/www.nvssf.com\/forbundet\/wp-content\/uploads\/2016\/03\/hsa_horndalkval.pgn'><img loading=\"lazy\" decoding=\"async\" aria-describedby=\"mla_gallery-8-2665\" width=\"64\" height=\"64\" src=\"https:\/\/www.nvssf.com\/forbundet\/wp-content\/plugins\/media-library-assistant\/images\/crystal\/default.png\" class=\"attachment-64x64 size-64x64\" alt=\"\" \/><\/a>\r\n\t<\/dt>\r\n\t<dd class='wp-caption-text gallery-caption' id='mla_gallery-8-2665'>\n\tSuperettankvalet mellan Helsingborgs Schackallians &#8211; Horndal\/Hedemora Alliansen\n\t<\/dd><\/dl><br style=\"clear: both\" \/>\r\n<!-- row-open -->\r\n<dl class='gallery-item '>\r\n\t<dt class='gallery-icon '>\r\n\t\t<a href='https:\/\/www.nvssf.com\/forbundet\/wp-content\/uploads\/2016\/01\/flicksm2016.pgn'><img loading=\"lazy\" decoding=\"async\" aria-describedby=\"mla_gallery-8-2502\" width=\"64\" height=\"64\" src=\"https:\/\/www.nvssf.com\/forbundet\/wp-content\/plugins\/media-library-assistant\/images\/crystal\/default.png\" class=\"attachment-64x64 size-64x64\" alt=\"\" \/><\/a>\r\n\t<\/dt>\r\n\t<dd class='wp-caption-text gallery-caption' id='mla_gallery-8-2502'>\n\tFlick-SM 2016\n\t<\/dd><\/dl><dl class='gallery-item '>\r\n\t<dt class='gallery-icon '>\r\n\t\t<a href='https:\/\/www.nvssf.com\/forbundet\/wp-content\/uploads\/2016\/01\/bestgames2015.pgn'><img loading=\"lazy\" decoding=\"async\" aria-describedby=\"mla_gallery-8-2471\" width=\"64\" height=\"64\" src=\"https:\/\/www.nvssf.com\/forbundet\/wp-content\/plugins\/media-library-assistant\/images\/crystal\/default.png\" class=\"attachment-64x64 size-64x64\" alt=\"\" \/><\/a>\r\n\t<\/dt>\r\n\t<dd class='wp-caption-text gallery-caption' id='mla_gallery-8-2471'>\n\t2015 tio b\u00e4sta partier enligt Chessbase\n\t<\/dd><\/dl><dl class='gallery-item last_in_row'>\r\n\t<dt class='gallery-icon '>\r\n\t\t<a href='https:\/\/www.nvssf.com\/forbundet\/wp-content\/uploads\/2016\/01\/Grandelius_Sevian_TVmatch.pgn'><img loading=\"lazy\" decoding=\"async\" aria-describedby=\"mla_gallery-8-2446\" width=\"64\" height=\"64\" src=\"https:\/\/www.nvssf.com\/forbundet\/wp-content\/plugins\/media-library-assistant\/images\/crystal\/default.png\" class=\"attachment-64x64 size-64x64\" alt=\"\" \/><\/a>\r\n\t<\/dt>\r\n\t<dd class='wp-caption-text gallery-caption' id='mla_gallery-8-2446'>\n\tNils Grandelius &#8211; Sam Sevian Expressen TV match\n\t<\/dd><\/dl><br style=\"clear: both\" \/>\r\n<\/div>\r\n\n<h2>2015<\/h2>\n<style type='text\/css'>\r\n\t#mla_gallery-9 {\r\n\t\tmargin: auto;\r\n\t\twidth: 100%;\r\n\t}\r\n\t#mla_gallery-9 .gallery-item {\r\n\t\tfloat: none;\r\n\t\tmargin: 1.5%;\r\n\t\tdisplay: inline-block;\r\n\t\ttext-align: center;\r\n\t\twidth: 30.3%;\r\n\t}\r\n\t#mla_gallery-9 .gallery-item .gallery-icon img {\r\n\t\tborder: 2px solid #cfcfcf;\r\n\t}\r\n\t#mla_gallery-9 .gallery-caption {\r\n\t\tmargin-left: 0;\r\n\t\tvertical-align: top;\r\n\t}\r\n<\/style>\r\n<div id='mla_gallery-9' class='gallery galleryid-186 gallery-columns-3 gallery-size-icon'>\r\n<!-- row-open -->\r\n<dl class='gallery-item '>\r\n\t<dt class='gallery-icon '>\r\n\t\t<a href='https:\/\/www.nvssf.com\/forbundet\/wp-content\/uploads\/2016\/01\/laskopen2015.pgn'><img loading=\"lazy\" decoding=\"async\" aria-describedby=\"mla_gallery-9-2480\" width=\"64\" height=\"64\" src=\"https:\/\/www.nvssf.com\/forbundet\/wp-content\/plugins\/media-library-assistant\/images\/crystal\/default.png\" class=\"attachment-64x64 size-64x64\" alt=\"\" \/><\/a>\r\n\t<\/dt>\r\n\t<dd class='wp-caption-text gallery-caption' id='mla_gallery-9-2480'>\n\tLASK Open 2015\n\t<\/dd><\/dl><dl class='gallery-item '>\r\n\t<dt class='gallery-icon '>\r\n\t\t<a href='https:\/\/www.nvssf.com\/forbundet\/wp-content\/uploads\/2015\/12\/mopen2015.pgn'><img loading=\"lazy\" decoding=\"async\" aria-describedby=\"mla_gallery-9-2417\" width=\"64\" height=\"64\" src=\"https:\/\/www.nvssf.com\/forbundet\/wp-content\/plugins\/media-library-assistant\/images\/crystal\/default.png\" class=\"attachment-64x64 size-64x64\" alt=\"\" \/><\/a>\r\n\t<\/dt>\r\n\t<dd class='wp-caption-text gallery-caption' id='mla_gallery-9-2417'>\n\tMalm\u00f6\/MSF Open 2015\n\t<\/dd><\/dl><dl class='gallery-item last_in_row'>\r\n\t<dt class='gallery-icon '>\r\n\t\t<a href='https:\/\/www.nvssf.com\/forbundet\/wp-content\/uploads\/2015\/11\/juniorallsvenskan2015.pgn'><img loading=\"lazy\" decoding=\"async\" aria-describedby=\"mla_gallery-9-2263\" width=\"64\" height=\"64\" src=\"https:\/\/www.nvssf.com\/forbundet\/wp-content\/plugins\/media-library-assistant\/images\/crystal\/default.png\" class=\"attachment-64x64 size-64x64\" alt=\"\" \/><\/a>\r\n\t<\/dt>\r\n\t<dd class='wp-caption-text gallery-caption' id='mla_gallery-9-2263'>\n\tJuniorallsvenskan 2015\n\t<\/dd><\/dl><br style=\"clear: both\" \/>\r\n<!-- row-open -->\r\n<dl class='gallery-item '>\r\n\t<dt class='gallery-icon '>\r\n\t\t<a href='https:\/\/www.nvssf.com\/forbundet\/wp-content\/uploads\/2015\/11\/uppsalamote2015.pgn'><img loading=\"lazy\" decoding=\"async\" aria-describedby=\"mla_gallery-9-2254\" width=\"64\" height=\"64\" src=\"https:\/\/www.nvssf.com\/forbundet\/wp-content\/plugins\/media-library-assistant\/images\/crystal\/default.png\" class=\"attachment-64x64 size-64x64\" alt=\"\" \/><\/a>\r\n\t<\/dt>\r\n\t<dd class='wp-caption-text gallery-caption' id='mla_gallery-9-2254'>\n\tUppsala m\u00f6te + Novemberslaget\n\t<\/dd><\/dl><dl class='gallery-item '>\r\n\t<dt class='gallery-icon '>\r\n\t\t<a href='https:\/\/www.nvssf.com\/forbundet\/wp-content\/uploads\/2015\/11\/uppsalayoungchampions2015.pgn'><img loading=\"lazy\" decoding=\"async\" aria-describedby=\"mla_gallery-9-2164\" width=\"64\" height=\"64\" src=\"https:\/\/www.nvssf.com\/forbundet\/wp-content\/plugins\/media-library-assistant\/images\/crystal\/default.png\" class=\"attachment-64x64 size-64x64\" alt=\"\" \/><\/a>\r\n\t<\/dt>\r\n\t<dd class='wp-caption-text gallery-caption' id='mla_gallery-9-2164'>\n\tUppsala Young Champions\n\t<\/dd><\/dl><dl class='gallery-item last_in_row'>\r\n\t<dt class='gallery-icon '>\r\n\t\t<a href='https:\/\/www.nvssf.com\/forbundet\/wp-content\/uploads\/2015\/10\/ass100_15_16.pgn'><img loading=\"lazy\" decoding=\"async\" aria-describedby=\"mla_gallery-9-2148\" width=\"64\" height=\"64\" src=\"https:\/\/www.nvssf.com\/forbundet\/wp-content\/plugins\/media-library-assistant\/images\/crystal\/default.png\" class=\"attachment-64x64 size-64x64\" alt=\"\" \/><\/a>\r\n\t<\/dt>\r\n\t<dd class='wp-caption-text gallery-caption' id='mla_gallery-9-2148'>\n\t\u00c5ss mot 100 2015 &#8211; 2016\n\t<\/dd><\/dl><br style=\"clear: both\" \/>\r\n<!-- row-open -->\r\n<dl class='gallery-item '>\r\n\t<dt class='gallery-icon '>\r\n\t\t<a href='https:\/\/www.nvssf.com\/forbundet\/wp-content\/uploads\/2015\/10\/skolsm2015.pgn'><img loading=\"lazy\" decoding=\"async\" aria-describedby=\"mla_gallery-9-2077\" width=\"64\" height=\"64\" src=\"https:\/\/www.nvssf.com\/forbundet\/wp-content\/plugins\/media-library-assistant\/images\/crystal\/default.png\" class=\"attachment-64x64 size-64x64\" alt=\"\" \/><\/a>\r\n\t<\/dt>\r\n\t<dd class='wp-caption-text gallery-caption' id='mla_gallery-9-2077'>\n\tSkol-SM 2015\n\t<\/dd><\/dl><dl class='gallery-item '>\r\n\t<dt class='gallery-icon '>\r\n\t\t<a href='https:\/\/www.nvssf.com\/forbundet\/wp-content\/uploads\/2015\/10\/sweden_iceland_youth.pgn'><img loading=\"lazy\" decoding=\"async\" aria-describedby=\"mla_gallery-9-2029\" width=\"64\" height=\"64\" src=\"https:\/\/www.nvssf.com\/forbundet\/wp-content\/plugins\/media-library-assistant\/images\/crystal\/default.png\" class=\"attachment-64x64 size-64x64\" alt=\"\" \/><\/a>\r\n\t<\/dt>\r\n\t<dd class='wp-caption-text gallery-caption' id='mla_gallery-9-2029'>\n\tUngdomslandskamp Sverige &#8211; Island\n\t<\/dd><\/dl><dl class='gallery-item last_in_row'>\r\n\t<dt class='gallery-icon '>\r\n\t\t<a href='https:\/\/www.nvssf.com\/forbundet\/wp-content\/uploads\/2015\/09\/vopen2015.pgn'><img loading=\"lazy\" decoding=\"async\" aria-describedby=\"mla_gallery-9-2001\" width=\"64\" height=\"64\" src=\"https:\/\/www.nvssf.com\/forbundet\/wp-content\/plugins\/media-library-assistant\/images\/crystal\/default.png\" class=\"attachment-64x64 size-64x64\" alt=\"\" \/><\/a>\r\n\t<\/dt>\r\n\t<dd class='wp-caption-text gallery-caption' id='mla_gallery-9-2001'>\n\tV\u00e4ster\u00e5s Open 2015\n\t<\/dd><\/dl><br style=\"clear: both\" \/>\r\n<!-- row-open -->\r\n<dl class='gallery-item '>\r\n\t<dt class='gallery-icon '>\r\n\t\t<a href='https:\/\/www.nvssf.com\/forbundet\/wp-content\/uploads\/2015\/09\/svenskacupen2015.pgn'><img loading=\"lazy\" decoding=\"async\" aria-describedby=\"mla_gallery-9-1810\" width=\"64\" height=\"64\" src=\"https:\/\/www.nvssf.com\/forbundet\/wp-content\/plugins\/media-library-assistant\/images\/crystal\/default.png\" class=\"attachment-64x64 size-64x64\" alt=\"\" \/><\/a>\r\n\t<\/dt>\r\n\t<dd class='wp-caption-text gallery-caption' id='mla_gallery-9-1810'>\n\tSvenska Cupen 2015\n\t<\/dd><\/dl><dl class='gallery-item '>\r\n\t<dt class='gallery-icon '>\r\n\t\t<a href='https:\/\/www.nvssf.com\/forbundet\/wp-content\/uploads\/2015\/08\/polcup2015.pgn'><img loading=\"lazy\" decoding=\"async\" aria-describedby=\"mla_gallery-9-1778\" width=\"64\" height=\"64\" src=\"https:\/\/www.nvssf.com\/forbundet\/wp-content\/plugins\/media-library-assistant\/images\/crystal\/default.png\" class=\"attachment-64x64 size-64x64\" alt=\"\" \/><\/a>\r\n\t<\/dt>\r\n\t<dd class='wp-caption-text gallery-caption' id='mla_gallery-9-1778'>\n\tPolitiken Cup 2015\n\t<\/dd><\/dl><dl class='gallery-item last_in_row'>\r\n\t<dt class='gallery-icon '>\r\n\t\t<a href='https:\/\/www.nvssf.com\/forbundet\/wp-content\/uploads\/2015\/07\/choliday2015.pgn'><img loading=\"lazy\" decoding=\"async\" aria-describedby=\"mla_gallery-9-1768\" width=\"64\" height=\"64\" src=\"https:\/\/www.nvssf.com\/forbundet\/wp-content\/plugins\/media-library-assistant\/images\/crystal\/default.png\" class=\"attachment-64x64 size-64x64\" alt=\"\" \/><\/a>\r\n\t<\/dt>\r\n\t<dd class='wp-caption-text gallery-caption' id='mla_gallery-9-1768'>\n\tPartier med nordv\u00e4stsk\u00e5ningar fr\u00e5n Chess Holiday i Prag\n\t<\/dd><\/dl><br style=\"clear: both\" \/>\r\n<!-- row-open -->\r\n<dl class='gallery-item '>\r\n\t<dt class='gallery-icon '>\r\n\t\t<a href='https:\/\/www.nvssf.com\/forbundet\/wp-content\/uploads\/2015\/07\/miniorsm2015.pgn'><img loading=\"lazy\" decoding=\"async\" aria-describedby=\"mla_gallery-9-1761\" width=\"64\" height=\"64\" src=\"https:\/\/www.nvssf.com\/forbundet\/wp-content\/plugins\/media-library-assistant\/images\/crystal\/default.png\" class=\"attachment-64x64 size-64x64\" alt=\"\" \/><\/a>\r\n\t<\/dt>\r\n\t<dd class='wp-caption-text gallery-caption' id='mla_gallery-9-1761'>\n\tMinior-SM 2015,Theo Dofeldt deltog.\n\t<\/dd><\/dl><dl class='gallery-item '>\r\n\t<dt class='gallery-icon '>\r\n\t\t<a href='https:\/\/www.nvssf.com\/forbundet\/wp-content\/uploads\/2015\/07\/smgruppen2015.pgn'><img loading=\"lazy\" decoding=\"async\" aria-describedby=\"mla_gallery-9-1760\" width=\"64\" height=\"64\" src=\"https:\/\/www.nvssf.com\/forbundet\/wp-content\/plugins\/media-library-assistant\/images\/crystal\/default.png\" class=\"attachment-64x64 size-64x64\" alt=\"\" \/><\/a>\r\n\t<\/dt>\r\n\t<dd class='wp-caption-text gallery-caption' id='mla_gallery-9-1760'>\n\tPartier ifr\u00e5n SM gruppen + s\u00e4rspelet\n\t<\/dd><\/dl><dl class='gallery-item last_in_row'>\r\n\t<dt class='gallery-icon '>\r\n\t\t<a href='https:\/\/www.nvssf.com\/forbundet\/wp-content\/uploads\/2015\/06\/vismachess2015.pgn'><img loading=\"lazy\" decoding=\"async\" aria-describedby=\"mla_gallery-9-1717\" width=\"64\" height=\"64\" src=\"https:\/\/www.nvssf.com\/forbundet\/wp-content\/plugins\/media-library-assistant\/images\/crystal\/default.png\" class=\"attachment-64x64 size-64x64\" alt=\"\" \/><\/a>\r\n\t<\/dt>\r\n\t<dd class='wp-caption-text gallery-caption' id='mla_gallery-9-1717'>\n\tVisma Chess Tournament 2015\n\t<\/dd><\/dl><br style=\"clear: both\" \/>\r\n<!-- row-open -->\r\n<dl class='gallery-item '>\r\n\t<dt class='gallery-icon '>\r\n\t\t<a href='https:\/\/www.nvssf.com\/forbundet\/wp-content\/uploads\/2015\/06\/korrsm2013.pgn'><img loading=\"lazy\" decoding=\"async\" aria-describedby=\"mla_gallery-9-1694\" width=\"64\" height=\"64\" src=\"https:\/\/www.nvssf.com\/forbundet\/wp-content\/plugins\/media-library-assistant\/images\/crystal\/default.png\" class=\"attachment-64x64 size-64x64\" alt=\"\" \/><\/a>\r\n\t<\/dt>\r\n\t<dd class='wp-caption-text gallery-caption' id='mla_gallery-9-1694'>\n\tKorr-SM 2013\n\t<\/dd><\/dl><dl class='gallery-item '>\r\n\t<dt class='gallery-icon '>\r\n\t\t<a href='https:\/\/www.nvssf.com\/forbundet\/wp-content\/uploads\/2015\/06\/vaxjospelen2015.pgn'><img loading=\"lazy\" decoding=\"async\" aria-describedby=\"mla_gallery-9-1675\" width=\"64\" height=\"64\" src=\"https:\/\/www.nvssf.com\/forbundet\/wp-content\/plugins\/media-library-assistant\/images\/crystal\/default.png\" class=\"attachment-64x64 size-64x64\" alt=\"\" \/><\/a>\r\n\t<\/dt>\r\n\t<dd class='wp-caption-text gallery-caption' id='mla_gallery-9-1675'>\n\tV\u00e4xj\u00f6spelen 2015\n\t<\/dd><\/dl><dl class='gallery-item last_in_row'>\r\n\t<dt class='gallery-icon '>\r\n\t\t<a href='https:\/\/www.nvssf.com\/forbundet\/wp-content\/uploads\/2015\/05\/deltalift2015.pgn'><img loading=\"lazy\" decoding=\"async\" aria-describedby=\"mla_gallery-9-1600\" width=\"64\" height=\"64\" src=\"https:\/\/www.nvssf.com\/forbundet\/wp-content\/plugins\/media-library-assistant\/images\/crystal\/default.png\" class=\"attachment-64x64 size-64x64\" alt=\"\" \/><\/a>\r\n\t<\/dt>\r\n\t<dd class='wp-caption-text gallery-caption' id='mla_gallery-9-1600'>\n\tDeltalift Open 2015 + Harplinge Mini Open\n\t<\/dd><\/dl><br style=\"clear: both\" \/>\r\n<!-- row-open -->\r\n<dl class='gallery-item '>\r\n\t<dt class='gallery-icon '>\r\n\t\t<a href='https:\/\/www.nvssf.com\/forbundet\/wp-content\/uploads\/2015\/05\/mragel2015vt.pgn'><img loading=\"lazy\" decoding=\"async\" aria-describedby=\"mla_gallery-9-1572\" width=\"64\" height=\"64\" src=\"https:\/\/www.nvssf.com\/forbundet\/wp-content\/plugins\/media-library-assistant\/images\/crystal\/default.png\" class=\"attachment-64x64 size-64x64\" alt=\"\" \/><\/a>\r\n\t<\/dt>\r\n\t<dd class='wp-caption-text gallery-caption' id='mla_gallery-9-1572'>\n\tMragel Open V\u00e5ren 2015\n\t<\/dd><\/dl><dl class='gallery-item '>\r\n\t<dt class='gallery-icon '>\r\n\t\t<a href='https:\/\/www.nvssf.com\/forbundet\/wp-content\/uploads\/2015\/04\/ccc2015.pgn'><img loading=\"lazy\" decoding=\"async\" aria-describedby=\"mla_gallery-9-1564\" width=\"64\" height=\"64\" src=\"https:\/\/www.nvssf.com\/forbundet\/wp-content\/plugins\/media-library-assistant\/images\/crystal\/default.png\" class=\"attachment-64x64 size-64x64\" alt=\"\" \/><\/a>\r\n\t<\/dt>\r\n\t<dd class='wp-caption-text gallery-caption' id='mla_gallery-9-1564'>\n\tCopenhagen Chess Challenge 2015\n\t<\/dd><\/dl><dl class='gallery-item last_in_row'>\r\n\t<dt class='gallery-icon '>\r\n\t\t<a href='https:\/\/www.nvssf.com\/forbundet\/wp-content\/uploads\/2015\/02\/Lillaelitehotelsopen2015.pgn'><img loading=\"lazy\" decoding=\"async\" aria-describedby=\"mla_gallery-9-1346\" width=\"64\" height=\"64\" src=\"https:\/\/www.nvssf.com\/forbundet\/wp-content\/plugins\/media-library-assistant\/images\/crystal\/default.png\" class=\"attachment-64x64 size-64x64\" alt=\"\" \/><\/a>\r\n\t<\/dt>\r\n\t<dd class='wp-caption-text gallery-caption' id='mla_gallery-9-1346'>\n\tLilla Elite Hotels Open 2015\n\t<\/dd><\/dl><br style=\"clear: both\" \/>\r\n<!-- row-open -->\r\n<dl class='gallery-item '>\r\n\t<dt class='gallery-icon '>\r\n\t\t<a href='https:\/\/www.nvssf.com\/forbundet\/wp-content\/uploads\/2015\/02\/elitehotelsopen2015.pgn'><img loading=\"lazy\" decoding=\"async\" aria-describedby=\"mla_gallery-9-1311\" width=\"64\" height=\"64\" src=\"https:\/\/www.nvssf.com\/forbundet\/wp-content\/plugins\/media-library-assistant\/images\/crystal\/default.png\" class=\"attachment-64x64 size-64x64\" alt=\"\" \/><\/a>\r\n\t<\/dt>\r\n\t<dd class='wp-caption-text gallery-caption' id='mla_gallery-9-1311'>\n\tElite Hotels Open 2015\n\t<\/dd><\/dl><dl class='gallery-item '>\r\n\t<dt class='gallery-icon '>\r\n\t\t<a href='https:\/\/www.nvssf.com\/forbundet\/wp-content\/uploads\/2015\/01\/schackiaden2015.pgn'><img loading=\"lazy\" decoding=\"async\" aria-describedby=\"mla_gallery-9-1181\" width=\"64\" height=\"64\" src=\"https:\/\/www.nvssf.com\/forbundet\/wp-content\/plugins\/media-library-assistant\/images\/crystal\/default.png\" class=\"attachment-64x64 size-64x64\" alt=\"\" \/><\/a>\r\n\t<\/dt>\r\n\t<dd class='wp-caption-text gallery-caption' id='mla_gallery-9-1181'>\n\tSchackiaden 2015\n\t<\/dd><\/dl><br style=\"clear: both\" \/>\r\n<\/div>\r\n\n<h2>2014<\/h2>\n<style type='text\/css'>\r\n\t#mla_gallery-10 {\r\n\t\tmargin: auto;\r\n\t\twidth: 100%;\r\n\t}\r\n\t#mla_gallery-10 .gallery-item {\r\n\t\tfloat: none;\r\n\t\tmargin: 1.5%;\r\n\t\tdisplay: inline-block;\r\n\t\ttext-align: center;\r\n\t\twidth: 30.3%;\r\n\t}\r\n\t#mla_gallery-10 .gallery-item .gallery-icon img {\r\n\t\tborder: 2px solid #cfcfcf;\r\n\t}\r\n\t#mla_gallery-10 .gallery-caption {\r\n\t\tmargin-left: 0;\r\n\t\tvertical-align: top;\r\n\t}\r\n<\/style>\r\n<div id='mla_gallery-10' class='gallery galleryid-186 gallery-columns-3 gallery-size-icon'>\r\n<!-- row-open -->\r\n<dl class='gallery-item '>\r\n\t<dt class='gallery-icon '>\r\n\t\t<a href='https:\/\/www.nvssf.com\/forbundet\/wp-content\/uploads\/2014\/12\/karlstadopen2014.pgn'><img loading=\"lazy\" decoding=\"async\" aria-describedby=\"mla_gallery-10-1177\" width=\"64\" height=\"64\" src=\"https:\/\/www.nvssf.com\/forbundet\/wp-content\/plugins\/media-library-assistant\/images\/crystal\/default.png\" class=\"attachment-64x64 size-64x64\" alt=\"\" \/><\/a>\r\n\t<\/dt>\r\n\t<dd class='wp-caption-text gallery-caption' id='mla_gallery-10-1177'>\n\tKarlstad Open 2014\n\t<\/dd><\/dl><dl class='gallery-item '>\r\n\t<dt class='gallery-icon '>\r\n\t\t<a href='https:\/\/www.nvssf.com\/forbundet\/wp-content\/uploads\/2014\/12\/mopen2014.pgn'><img loading=\"lazy\" decoding=\"async\" aria-describedby=\"mla_gallery-10-1127\" width=\"64\" height=\"64\" src=\"https:\/\/www.nvssf.com\/forbundet\/wp-content\/plugins\/media-library-assistant\/images\/crystal\/default.png\" class=\"attachment-64x64 size-64x64\" alt=\"\" \/><\/a>\r\n\t<\/dt>\r\n\t<dd class='wp-caption-text gallery-caption' id='mla_gallery-10-1127'>\n\tMalm\u00f6 Open 2014\n\t<\/dd><\/dl><dl class='gallery-item last_in_row'>\r\n\t<dt class='gallery-icon '>\r\n\t\t<a href='https:\/\/www.nvssf.com\/forbundet\/wp-content\/uploads\/2014\/11\/elitsammandrag2014_r1_r3.pgn'><img loading=\"lazy\" decoding=\"async\" aria-describedby=\"mla_gallery-10-1007\" width=\"64\" height=\"64\" src=\"https:\/\/www.nvssf.com\/forbundet\/wp-content\/plugins\/media-library-assistant\/images\/crystal\/default.png\" class=\"attachment-64x64 size-64x64\" alt=\"\" \/><\/a>\r\n\t<\/dt>\r\n\t<dd class='wp-caption-text gallery-caption' id='mla_gallery-10-1007'>\n\tPGN-fil:Livepartier ifr\u00e5n Elitseriesammandraget i T\u00e4by 2014\n\t<\/dd><\/dl><br style=\"clear: both\" \/>\r\n<!-- row-open -->\r\n<dl class='gallery-item '>\r\n\t<dt class='gallery-icon '>\r\n\t\t<a href='https:\/\/www.nvssf.com\/forbundet\/wp-content\/uploads\/2014\/11\/uppsalayoungch2014.pgn'><img loading=\"lazy\" decoding=\"async\" aria-describedby=\"mla_gallery-10-858\" width=\"64\" height=\"64\" src=\"https:\/\/www.nvssf.com\/forbundet\/wp-content\/plugins\/media-library-assistant\/images\/crystal\/default.png\" class=\"attachment-64x64 size-64x64\" alt=\"\" \/><\/a>\r\n\t<\/dt>\r\n\t<dd class='wp-caption-text gallery-caption' id='mla_gallery-10-858'>\n\tPGN-fil: Uppsala Young Champions 2014\n\t<\/dd><\/dl><dl class='gallery-item '>\r\n\t<dt class='gallery-icon '>\r\n\t\t<a href='https:\/\/www.nvssf.com\/forbundet\/wp-content\/uploads\/2014\/10\/skolsm2014.pgn'><img loading=\"lazy\" decoding=\"async\" aria-describedby=\"mla_gallery-10-804\" width=\"64\" height=\"64\" src=\"https:\/\/www.nvssf.com\/forbundet\/wp-content\/plugins\/media-library-assistant\/images\/crystal\/default.png\" class=\"attachment-64x64 size-64x64\" alt=\"\" \/><\/a>\r\n\t<\/dt>\r\n\t<dd class='wp-caption-text gallery-caption' id='mla_gallery-10-804'>\n\tPGN-fil: Partier ifr\u00e5n Skol-SM i V\u00e4xj\u00f6 2014. Samtliga partier ifr\u00e5n A-Gruppen (17-20 \u00e5r) finns med.\n\t<\/dd><\/dl><dl class='gallery-item last_in_row'>\r\n\t<dt class='gallery-icon '>\r\n\t\t<a href='https:\/\/www.nvssf.com\/forbundet\/wp-content\/uploads\/2014\/10\/smalandsmasterskapet_2014.pgn'><img loading=\"lazy\" decoding=\"async\" aria-describedby=\"mla_gallery-10-795\" width=\"64\" height=\"64\" src=\"https:\/\/www.nvssf.com\/forbundet\/wp-content\/plugins\/media-library-assistant\/images\/crystal\/default.png\" class=\"attachment-64x64 size-64x64\" alt=\"\" \/><\/a>\r\n\t<\/dt>\r\n\t<dd class='wp-caption-text gallery-caption' id='mla_gallery-10-795'>\n\tPGN-fil:Individuella Sm\u00e5landsm\u00e4sterskapet 2014\n\t<\/dd><\/dl><br style=\"clear: both\" \/>\r\n<!-- row-open -->\r\n<dl class='gallery-item '>\r\n\t<dt class='gallery-icon '>\r\n\t\t<a href='https:\/\/www.nvssf.com\/forbundet\/wp-content\/uploads\/2014\/09\/ass_mot_hundra.pgn'><img loading=\"lazy\" decoding=\"async\" aria-describedby=\"mla_gallery-10-766\" width=\"64\" height=\"64\" src=\"https:\/\/www.nvssf.com\/forbundet\/wp-content\/plugins\/media-library-assistant\/images\/crystal\/default.png\" class=\"attachment-64x64 size-64x64\" alt=\"\" \/><\/a>\r\n\t<\/dt>\r\n\t<dd class='wp-caption-text gallery-caption' id='mla_gallery-10-766'>\n\tPgn-fil:\u00c5storp SS mot 100\n\t<\/dd><\/dl><dl class='gallery-item '>\r\n\t<dt class='gallery-icon '>\r\n\t\t<a href='https:\/\/www.nvssf.com\/forbundet\/wp-content\/uploads\/2014\/09\/bellon_pnilsson.pgn'><img loading=\"lazy\" decoding=\"async\" aria-describedby=\"mla_gallery-10-741\" width=\"64\" height=\"64\" src=\"https:\/\/www.nvssf.com\/forbundet\/wp-content\/plugins\/media-library-assistant\/images\/crystal\/default.png\" class=\"attachment-64x64 size-64x64\" alt=\"\" \/><\/a>\r\n\t<\/dt>\r\n\t<dd class='wp-caption-text gallery-caption' id='mla_gallery-10-741'>\n\tPGN-fil: Juan Bellon &#8211; Patrik Nilsson,V\u00e4ster\u00e5s Open 2014\n\t<\/dd><\/dl><dl class='gallery-item last_in_row'>\r\n\t<dt class='gallery-icon '>\r\n\t\t<a href='https:\/\/www.nvssf.com\/forbundet\/wp-content\/uploads\/2014\/09\/vasteras_open_2014.pgn'><img loading=\"lazy\" decoding=\"async\" aria-describedby=\"mla_gallery-10-716\" width=\"64\" height=\"64\" src=\"https:\/\/www.nvssf.com\/forbundet\/wp-content\/plugins\/media-library-assistant\/images\/crystal\/default.png\" class=\"attachment-64x64 size-64x64\" alt=\"\" \/><\/a>\r\n\t<\/dt>\r\n\t<dd class='wp-caption-text gallery-caption' id='mla_gallery-10-716'>\n\tPGN-fil: V\u00e4ster\u00e5s Open 2014\n\t<\/dd><\/dl><br style=\"clear: both\" \/>\r\n<!-- row-open -->\r\n<dl class='gallery-item '>\r\n\t<dt class='gallery-icon '>\r\n\t\t<a href='https:\/\/www.nvssf.com\/forbundet\/wp-content\/uploads\/2014\/09\/lilla_vasteras_open_2014.pgn'><img loading=\"lazy\" decoding=\"async\" aria-describedby=\"mla_gallery-10-715\" width=\"64\" height=\"64\" src=\"https:\/\/www.nvssf.com\/forbundet\/wp-content\/plugins\/media-library-assistant\/images\/crystal\/default.png\" class=\"attachment-64x64 size-64x64\" alt=\"\" \/><\/a>\r\n\t<\/dt>\r\n\t<dd class='wp-caption-text gallery-caption' id='mla_gallery-10-715'>\n\tPGN-fil: Lilla V\u00e4ster\u00e5s Open 2014\n\t<\/dd><\/dl><dl class='gallery-item '>\r\n\t<dt class='gallery-icon '>\r\n\t\t<a href='https:\/\/www.nvssf.com\/forbundet\/wp-content\/uploads\/2014\/09\/lidkoping_open_2014.pgn'><img loading=\"lazy\" decoding=\"async\" aria-describedby=\"mla_gallery-10-659\" width=\"64\" height=\"64\" src=\"https:\/\/www.nvssf.com\/forbundet\/wp-content\/plugins\/media-library-assistant\/images\/crystal\/default.png\" class=\"attachment-64x64 size-64x64\" alt=\"\" \/><\/a>\r\n\t<\/dt>\r\n\t<dd class='wp-caption-text gallery-caption' id='mla_gallery-10-659'>\n\tPGN-fil: Livepartierna (bord 1 &#8211; 4) ifr\u00e5n Lidk\u00f6ping Open 2014\n\t<\/dd><\/dl><dl class='gallery-item last_in_row'>\r\n\t<dt class='gallery-icon '>\r\n\t\t<a href='https:\/\/www.nvssf.com\/forbundet\/wp-content\/uploads\/2014\/09\/svenska_cupen_2014.pgn'><img loading=\"lazy\" decoding=\"async\" aria-describedby=\"mla_gallery-10-622\" width=\"64\" height=\"64\" src=\"https:\/\/www.nvssf.com\/forbundet\/wp-content\/plugins\/media-library-assistant\/images\/crystal\/default.png\" class=\"attachment-64x64 size-64x64\" alt=\"\" \/><\/a>\r\n\t<\/dt>\r\n\t<dd class='wp-caption-text gallery-caption' id='mla_gallery-10-622'>\n\tPGN-fil: Svenska Cupen 2014\n\t<\/dd><\/dl><br style=\"clear: both\" \/>\r\n<!-- row-open -->\r\n<dl class='gallery-item '>\r\n\t<dt class='gallery-icon '>\r\n\t\t<a href='https:\/\/www.nvssf.com\/forbundet\/wp-content\/uploads\/2014\/08\/gregor_patrik.pgn'><img loading=\"lazy\" decoding=\"async\" aria-describedby=\"mla_gallery-10-582\" width=\"64\" height=\"64\" src=\"https:\/\/www.nvssf.com\/forbundet\/wp-content\/plugins\/media-library-assistant\/images\/crystal\/default.png\" class=\"attachment-64x64 size-64x64\" alt=\"\" \/><\/a>\r\n\t<\/dt>\r\n\t<dd class='wp-caption-text gallery-caption' id='mla_gallery-10-582'>\n\tPGN-Fil:Jiri Gregor &#8211; Patrik Nilsson,International Chess Holiday 2014\n\t<\/dd><\/dl><dl class='gallery-item '>\r\n\t<dt class='gallery-icon '>\r\n\t\t<a href='https:\/\/www.nvssf.com\/forbundet\/wp-content\/uploads\/2014\/06\/vaxjospelen2014.pgn'><img loading=\"lazy\" decoding=\"async\" aria-describedby=\"mla_gallery-10-532\" width=\"64\" height=\"64\" src=\"https:\/\/www.nvssf.com\/forbundet\/wp-content\/plugins\/media-library-assistant\/images\/crystal\/default.png\" class=\"attachment-64x64 size-64x64\" alt=\"\" \/><\/a>\r\n\t<\/dt>\r\n\t<dd class='wp-caption-text gallery-caption' id='mla_gallery-10-532'>\n\tPGN-fil: V\u00e4xj\u00f6spelen 2014\n\t<\/dd><\/dl><dl class='gallery-item last_in_row'>\r\n\t<dt class='gallery-icon '>\r\n\t\t<a href='https:\/\/www.nvssf.com\/forbundet\/wp-content\/uploads\/2014\/06\/deltaliftopen2014.pgn'><img loading=\"lazy\" decoding=\"async\" aria-describedby=\"mla_gallery-10-417\" width=\"64\" height=\"64\" src=\"https:\/\/www.nvssf.com\/forbundet\/wp-content\/plugins\/media-library-assistant\/images\/crystal\/default.png\" class=\"attachment-64x64 size-64x64\" alt=\"\" \/><\/a>\r\n\t<\/dt>\r\n\t<dd class='wp-caption-text gallery-caption' id='mla_gallery-10-417'>\n\tPGN-fil:Partier ifr\u00e5n Deltalift Open + Harplinge Mini Open 2014\n\t<\/dd><\/dl><br style=\"clear: both\" \/>\r\n<!-- row-open -->\r\n<dl class='gallery-item '>\r\n\t<dt class='gallery-icon '>\r\n\t\t<a href='https:\/\/www.nvssf.com\/forbundet\/wp-content\/uploads\/2014\/05\/martensminnes2014.pgn'><img loading=\"lazy\" decoding=\"async\" aria-describedby=\"mla_gallery-10-357\" width=\"64\" height=\"64\" src=\"https:\/\/www.nvssf.com\/forbundet\/wp-content\/plugins\/media-library-assistant\/images\/crystal\/default.png\" class=\"attachment-64x64 size-64x64\" alt=\"\" \/><\/a>\r\n\t<\/dt>\r\n\t<dd class='wp-caption-text gallery-caption' id='mla_gallery-10-357'>\n\tPGN-fil:Samtliga live-partier ifr\u00e5n Rolf Martens Minnesturnering 2014.\n\t<\/dd><\/dl><dl class='gallery-item '>\r\n\t<dt class='gallery-icon '>\r\n\t\t<a href='https:\/\/www.nvssf.com\/forbundet\/wp-content\/uploads\/2014\/04\/8korr_em.pgn'><img loading=\"lazy\" decoding=\"async\" aria-describedby=\"mla_gallery-10-192\" width=\"64\" height=\"64\" src=\"https:\/\/www.nvssf.com\/forbundet\/wp-content\/plugins\/media-library-assistant\/images\/crystal\/default.png\" class=\"attachment-64x64 size-64x64\" alt=\"\" \/><\/a>\r\n\t<\/dt>\r\n\t<dd class='wp-caption-text gallery-caption' id='mla_gallery-10-192'>\n\tPGN-fil: 8:e Korr EM f\u00f6r lag &#8211; Sonny Colins och Bj\u00f6rn Fagerstr\u00f6ms partier\n\t<\/dd><\/dl><dl class='gallery-item last_in_row'>\r\n\t<dt class='gallery-icon '>\r\n\t\t<a href='https:\/\/www.nvssf.com\/forbundet\/wp-content\/uploads\/2014\/03\/sbrynell_pnilsson.pgn'><img loading=\"lazy\" decoding=\"async\" aria-describedby=\"mla_gallery-10-127\" width=\"64\" height=\"64\" src=\"https:\/\/www.nvssf.com\/forbundet\/wp-content\/plugins\/media-library-assistant\/images\/crystal\/default.png\" class=\"attachment-64x64 size-64x64\" alt=\"\" \/><\/a>\r\n\t<\/dt>\r\n\t<dd class='wp-caption-text gallery-caption' id='mla_gallery-10-127'>\n\tPGN-fil:Stellan Brynell &#8211; Patrik Nilsson,Allsk\u00e5nskan 13-14\n\t<\/dd><\/dl><br style=\"clear: both\" \/>\r\n<\/div>\r\n\n<h2>2013<\/h2>\n<style type='text\/css'>\r\n\t#mla_gallery-11 {\r\n\t\tmargin: auto;\r\n\t\twidth: 100%;\r\n\t}\r\n\t#mla_gallery-11 .gallery-item {\r\n\t\tfloat: none;\r\n\t\tmargin: 1.5%;\r\n\t\tdisplay: inline-block;\r\n\t\ttext-align: center;\r\n\t\twidth: 30.3%;\r\n\t}\r\n\t#mla_gallery-11 .gallery-item .gallery-icon img {\r\n\t\tborder: 2px solid #cfcfcf;\r\n\t}\r\n\t#mla_gallery-11 .gallery-caption {\r\n\t\tmargin-left: 0;\r\n\t\tvertical-align: top;\r\n\t}\r\n<\/style>\r\n<div id='mla_gallery-11' class='gallery galleryid-186 gallery-columns-3 gallery-size-icon'>\r\n<!-- row-open -->\r\n<dl class='gallery-item '>\r\n\t<dt class='gallery-icon '>\r\n\t\t<a href='https:\/\/www.nvssf.com\/forbundet\/wp-content\/uploads\/2014\/06\/vaxjospelen2013.pgn'><img loading=\"lazy\" decoding=\"async\" aria-describedby=\"mla_gallery-11-505\" width=\"64\" height=\"64\" src=\"https:\/\/www.nvssf.com\/forbundet\/wp-content\/plugins\/media-library-assistant\/images\/crystal\/default.png\" class=\"attachment-64x64 size-64x64\" alt=\"\" \/><\/a>\r\n\t<\/dt>\r\n\t<dd class='wp-caption-text gallery-caption' id='mla_gallery-11-505'>\n\tPGN-fil: V\u00e4xj\u00f6spelen 2013 grupp 1 &#8211; 3\n\t<\/dd><\/dl><br style=\"clear: both\" \/>\r\n<\/div>\r\n\n<h2>Partier f\u00f6re 2013<\/h2>\n<style type='text\/css'>\r\n\t#mla_gallery-12 {\r\n\t\tmargin: auto;\r\n\t\twidth: 100%;\r\n\t}\r\n\t#mla_gallery-12 .gallery-item {\r\n\t\tfloat: none;\r\n\t\tmargin: 1.5%;\r\n\t\tdisplay: inline-block;\r\n\t\ttext-align: center;\r\n\t\twidth: 30.3%;\r\n\t}\r\n\t#mla_gallery-12 .gallery-item .gallery-icon img {\r\n\t\tborder: 2px solid #cfcfcf;\r\n\t}\r\n\t#mla_gallery-12 .gallery-caption {\r\n\t\tmargin-left: 0;\r\n\t\tvertical-align: top;\r\n\t}\r\n<\/style>\r\n<div id='mla_gallery-12' class='gallery galleryid-186 gallery-columns-3 gallery-size-icon'>\r\n<!-- row-open -->\r\n<dl class='gallery-item '>\r\n\t<dt class='gallery-icon '>\r\n\t\t<a href='https:\/\/www.nvssf.com\/forbundet\/wp-content\/uploads\/2014\/09\/smgruppen_hbg_1991.pgn'><img loading=\"lazy\" decoding=\"async\" aria-describedby=\"mla_gallery-12-678\" width=\"64\" height=\"64\" src=\"https:\/\/www.nvssf.com\/forbundet\/wp-content\/plugins\/media-library-assistant\/images\/crystal\/default.png\" class=\"attachment-64x64 size-64x64\" alt=\"\" \/><\/a>\r\n\t<\/dt>\r\n\t<dd class='wp-caption-text gallery-caption' id='mla_gallery-12-678'>\n\tPGN-fil: SM gruppen 1991 i Helsingborg\n\t<\/dd><\/dl><br style=\"clear: both\" \/>\r\n<\/div>\r\n\n","protected":false},"excerpt":{"rendered":"<p>2023 2022 2021 2020 2019 2018 2017 2016 2015 2014 2013 Partier f\u00f6re 2013<\/p>\n","protected":false},"author":2,"featured_media":0,"parent":1568,"menu_order":0,"comment_status":"open","ping_status":"closed","template":"sidebar-page.php","meta":{"_acf_changed":false,"footnotes":""},"acf":[],"_links":{"self":[{"href":"https:\/\/www.nvssf.com\/forbundet\/wp-json\/wp\/v2\/pages\/186"}],"collection":[{"href":"https:\/\/www.nvssf.com\/forbundet\/wp-json\/wp\/v2\/pages"}],"about":[{"href":"https:\/\/www.nvssf.com\/forbundet\/wp-json\/wp\/v2\/types\/page"}],"author":[{"embeddable":true,"href":"https:\/\/www.nvssf.com\/forbundet\/wp-json\/wp\/v2\/users\/2"}],"replies":[{"embeddable":true,"href":"https:\/\/www.nvssf.com\/forbundet\/wp-json\/wp\/v2\/comments?post=186"}],"version-history":[{"count":3,"href":"https:\/\/www.nvssf.com\/forbundet\/wp-json\/wp\/v2\/pages\/186\/revisions"}],"predecessor-version":[{"id":12461,"href":"https:\/\/www.nvssf.com\/forbundet\/wp-json\/wp\/v2\/pages\/186\/revisions\/12461"}],"up":[{"embeddable":true,"href":"https:\/\/www.nvssf.com\/forbundet\/wp-json\/wp\/v2\/pages\/1568"}],"wp:attachment":[{"href":"https:\/\/www.nvssf.com\/forbundet\/wp-json\/wp\/v2\/media?parent=186"}],"curies":[{"name":"wp","href":"https:\/\/api.w.org\/{rel}","templated":true}]}}